{"id":33807,"date":"2025-07-14T12:36:58","date_gmt":"2025-07-14T12:36:58","guid":{"rendered":"https:\/\/www.legendyuvas.cz\/speed-festival-2025\/"},"modified":"2025-11-13T13:51:34","modified_gmt":"2025-11-13T13:51:34","slug":"speed-festival-2025","status":"publish","type":"page","link":"https:\/\/www.legendyuvas.cz\/pl\/speed-festival-2025\/","title":{"rendered":"Speed Festival 2025"},"content":{"rendered":"\t\t<div data-elementor-type=\"wp-page\" data-elementor-id=\"33807\" class=\"elementor elementor-33807 elementor-19793\" data-elementor-post-type=\"page\">\n\t\t\t\t\t\t<section class=\"elementor-section elementor-top-section elementor-element elementor-element-475dd13a elementor-section-height-min-height elementor-section-boxed elementor-section-height-default elementor-section-items-middle\" data-id=\"475dd13a\" data-element_type=\"section\" data-settings=\"{&quot;background_background&quot;:&quot;slideshow&quot;,&quot;background_slideshow_gallery&quot;:[{&quot;id&quot;:29401,&quot;url&quot;:&quot;https:\\\/\\\/www.legendyuvas.cz\\\/wp-content\\\/uploads\\\/2025\\\/08\\\/DCS02763-scaled.jpg&quot;}],&quot;background_slideshow_loop&quot;:&quot;yes&quot;,&quot;background_slideshow_slide_duration&quot;:5000,&quot;background_slideshow_slide_transition&quot;:&quot;fade&quot;,&quot;background_slideshow_transition_duration&quot;:500}\">\n\t\t\t\t\t\t\t<div class=\"elementor-background-overlay\"><\/div>\n\t\t\t\t\t\t\t<div class=\"elementor-container elementor-column-gap-default\">\n\t\t\t\t\t<div class=\"elementor-column elementor-col-100 elementor-top-column elementor-element elementor-element-675f6215\" data-id=\"675f6215\" data-element_type=\"column\">\n\t\t\t<div class=\"elementor-widget-wrap elementor-element-populated\">\n\t\t\t\t\t\t<div class=\"elementor-element elementor-element-77edfb4a elementor-widget elementor-widget-spacer\" data-id=\"77edfb4a\" data-element_type=\"widget\" data-widget_type=\"spacer.default\">\n\t\t\t\t<div class=\"elementor-widget-container\">\n\t\t\t\t\t\t\t<div class=\"elementor-spacer\">\n\t\t\t<div class=\"elementor-spacer-inner\"><\/div>\n\t\t<\/div>\n\t\t\t\t\t\t<\/div>\n\t\t\t\t<\/div>\n\t\t\t\t<div class=\"elementor-element elementor-element-7ce8a1b2 elementor-widget elementor-widget-heading\" data-id=\"7ce8a1b2\" data-element_type=\"widget\" data-widget_type=\"heading.default\">\n\t\t\t\t<div class=\"elementor-widget-container\">\n\t\t\t\t\t<h1 class=\"elementor-heading-title elementor-size-default\">SPEED FESTIVAL<\/h1>\t\t\t\t<\/div>\n\t\t\t\t<\/div>\n\t\t\t\t\t<\/div>\n\t\t<\/div>\n\t\t\t\t\t<\/div>\n\t\t<\/section>\n\t\t\t\t<section class=\"elementor-section elementor-top-section elementor-element elementor-element-72bef0b2 elementor-section-boxed elementor-section-height-default elementor-section-height-default\" data-id=\"72bef0b2\" data-element_type=\"section\">\n\t\t\t\t\t\t<div class=\"elementor-container elementor-column-gap-default\">\n\t\t\t\t\t<div class=\"elementor-column elementor-col-100 elementor-top-column elementor-element elementor-element-5dfeb77f\" data-id=\"5dfeb77f\" data-element_type=\"column\">\n\t\t\t<div class=\"elementor-widget-wrap elementor-element-populated\">\n\t\t\t\t\t\t<div class=\"elementor-element elementor-element-20757c5 elementor-headline--style-highlight elementor-widget elementor-widget-animated-headline\" data-id=\"20757c5\" data-element_type=\"widget\" data-settings=\"{&quot;marker&quot;:&quot;underline_zigzag&quot;,&quot;highlighted_text&quot;:&quot;w centrum Czeskiej Lipy&quot;,&quot;headline_style&quot;:&quot;highlight&quot;,&quot;highlight_animation_duration&quot;:1200}\" data-widget_type=\"animated-headline.default\">\n\t\t\t\t<div class=\"elementor-widget-container\">\n\t\t\t\t\t\t\t<h2 class=\"elementor-headline\">\n\t\t\t\t\t<span class=\"elementor-headline-plain-text elementor-headline-text-wrapper\">13 i 14 wrze\u015bnia 2025 r.<\/span>\n\t\t\t\t<span class=\"elementor-headline-dynamic-wrapper elementor-headline-text-wrapper\">\n\t\t\t\t\t<span class=\"elementor-headline-dynamic-text elementor-headline-text-active\">w centrum Czeskiej Lipy<\/span>\n\t\t\t\t<\/span>\n\t\t\t\t<\/h2>\n\t\t\t\t\t\t<\/div>\n\t\t\t\t<\/div>\n\t\t\t\t<section class=\"elementor-section elementor-inner-section elementor-element elementor-element-e632213 elementor-section-boxed elementor-section-height-default elementor-section-height-default\" data-id=\"e632213\" data-element_type=\"section\">\n\t\t\t\t\t\t<div class=\"elementor-container elementor-column-gap-default\">\n\t\t\t\t\t<div class=\"elementor-column elementor-col-100 elementor-inner-column elementor-element elementor-element-9c1c6a1\" data-id=\"9c1c6a1\" data-element_type=\"column\">\n\t\t\t<div class=\"elementor-widget-wrap elementor-element-populated\">\n\t\t\t\t\t\t<div class=\"elementor-element elementor-element-737d14d elementor-widget elementor-widget-text-editor\" data-id=\"737d14d\" data-element_type=\"widget\" data-widget_type=\"text-editor.default\">\n\t\t\t\t<div class=\"elementor-widget-container\">\n\t\t\t\t\t\t\t\t\t<p>Na Speed Festivalu mo\u017cecie si\u0119 cieszy\u0107 weekendem pe\u0142nym wyj\u0105tkowych samochod\u00f3w, wy\u015bcig\u00f3w samochodowych, kultury i wra\u017ce\u0144 dla ca\u0142ej rodziny. Miasto o\u017cyje pod znakiem pr\u0119dko\u015bci i sztuki \u2013 czeka na Pa\u0144stwa rajd Memorial B. Engeho, pe\u0142na przyg\u00f3d trasa Picnic race, nocny Grand Prix z wystaw\u0105 samochod\u00f3w zabytkowych i nowoczesnych, wystawa w ramach Speed Art, dyskusje, kluby samochodowe, wystawy motocykli i zabytkowych poci\u0105g\u00f3w. Tematem przewodnim tegorocznej edycji jest FILM \u2013 trasy wy\u015bcigowe prowadz\u0105 przez znane filmowe miejsca regionu \u010ceskolipsko, co sprawia, \u017ce festiwal jest prawdziwym prze\u017cyciem \u0142\u0105cz\u0105cym motoryzacj\u0119 i kinematografi\u0119.<\/p>\n\t\t\t\t\t\t\t\t<\/div>\n\t\t\t\t<\/div>\n\t\t\t\t\t<\/div>\n\t\t<\/div>\n\t\t\t\t\t<\/div>\n\t\t<\/section>\n\t\t\t\t<section class=\"elementor-section elementor-inner-section elementor-element elementor-element-cb36374 elementor-section-boxed elementor-section-height-default elementor-section-height-default\" data-id=\"cb36374\" data-element_type=\"section\">\n\t\t\t\t\t\t<div class=\"elementor-container elementor-column-gap-default\">\n\t\t\t\t\t<div class=\"elementor-column elementor-col-50 elementor-inner-column elementor-element elementor-element-a55b746\" data-id=\"a55b746\" data-element_type=\"column\">\n\t\t\t<div class=\"elementor-widget-wrap elementor-element-populated\">\n\t\t\t\t\t\t<div class=\"elementor-element elementor-element-90e0449 elementor-headline--style-highlight elementor-widget elementor-widget-animated-headline\" data-id=\"90e0449\" data-element_type=\"widget\" data-settings=\"{&quot;marker&quot;:&quot;underline&quot;,&quot;highlighted_text&quot;:&quot;Co Ci\\u0119 u nas czeka?&quot;,&quot;headline_style&quot;:&quot;highlight&quot;,&quot;loop&quot;:&quot;yes&quot;,&quot;highlight_animation_duration&quot;:1200,&quot;highlight_iteration_delay&quot;:8000}\" data-widget_type=\"animated-headline.default\">\n\t\t\t\t<div class=\"elementor-widget-container\">\n\t\t\t\t\t\t\t<h3 class=\"elementor-headline\">\n\t\t\t\t<span class=\"elementor-headline-dynamic-wrapper elementor-headline-text-wrapper\">\n\t\t\t\t\t<span class=\"elementor-headline-dynamic-text elementor-headline-text-active\">Co Ci\u0119 u nas czeka?<\/span>\n\t\t\t\t<\/span>\n\t\t\t\t<\/h3>\n\t\t\t\t\t\t<\/div>\n\t\t\t\t<\/div>\n\t\t\t\t<div class=\"elementor-element elementor-element-99c5ef1 elementor-widget elementor-widget-text-editor\" data-id=\"99c5ef1\" data-element_type=\"widget\" data-widget_type=\"text-editor.default\">\n\t\t\t\t<div class=\"elementor-widget-container\">\n\t\t\t\t\t\t\t\t\t<p>Na Speed Festivalu w \u010cesk\u00e1 L\u00edpa opr\u00f3cz bogatego programu mo\u017cecie si\u0119 cieszy\u0107 r\u00f3wnie\u017c naszymi przeja\u017cd\u017ckami po okolicznych drogach \u2013 za kierownic\u0105 Porsche 911 GT3 RS (991.1), Porsche 718 Cayman GT4 i BMW M2 G87. Dla mi\u0142o\u015bnik\u00f3w ekskluzywnych supersamochod\u00f3w b\u0119dziemy mieli r\u00f3wnie\u017c wystawione zapieraj\u0105ce dech w piersiach Lamborghini Hurac\u00e1n STO.<\/p>\n\t\t\t\t\t\t\t\t<\/div>\n\t\t\t\t<\/div>\n\t\t\t\t\t<\/div>\n\t\t<\/div>\n\t\t\t\t<div class=\"elementor-column elementor-col-50 elementor-inner-column elementor-element elementor-element-5ff24cf\" data-id=\"5ff24cf\" data-element_type=\"column\">\n\t\t\t<div class=\"elementor-widget-wrap elementor-element-populated\">\n\t\t\t\t\t\t<div class=\"elementor-element elementor-element-81d1fbd elementor-widget elementor-widget-image\" data-id=\"81d1fbd\" data-element_type=\"widget\" data-widget_type=\"image.default\">\n\t\t\t\t<div class=\"elementor-widget-container\">\n\t\t\t\t\t\t\t\t\t\t\t\t\t\t\t<img fetchpriority=\"high\" decoding=\"async\" width=\"800\" height=\"534\" src=\"https:\/\/www.legendyuvas.cz\/wp-content\/uploads\/2025\/08\/C5D_9991-1024x683.jpg\" class=\"attachment-large size-large wp-image-29409\" alt=\"\" srcset=\"https:\/\/www.legendyuvas.cz\/wp-content\/uploads\/2025\/08\/C5D_9991-1024x683.jpg 1024w, https:\/\/www.legendyuvas.cz\/wp-content\/uploads\/2025\/08\/C5D_9991-300x200.jpg 300w, https:\/\/www.legendyuvas.cz\/wp-content\/uploads\/2025\/08\/C5D_9991-768x512.jpg 768w, https:\/\/www.legendyuvas.cz\/wp-content\/uploads\/2025\/08\/C5D_9991-1536x1024.jpg 1536w, https:\/\/www.legendyuvas.cz\/wp-content\/uploads\/2025\/08\/C5D_9991-2048x1365.jpg 2048w, https:\/\/www.legendyuvas.cz\/wp-content\/uploads\/2025\/08\/C5D_9991-600x400.jpg 600w\" sizes=\"(max-width: 800px) 100vw, 800px\" \/>\t\t\t\t\t\t\t\t\t\t\t\t\t\t\t<\/div>\n\t\t\t\t<\/div>\n\t\t\t\t\t<\/div>\n\t\t<\/div>\n\t\t\t\t\t<\/div>\n\t\t<\/section>\n\t\t\t\t<div class=\"elementor-element elementor-element-333159f elementor-align-center elementor-widget elementor-widget-button\" data-id=\"333159f\" data-element_type=\"widget\" data-widget_type=\"button.default\">\n\t\t\t\t<div class=\"elementor-widget-container\">\n\t\t\t\t\t\t\t\t\t<div class=\"elementor-button-wrapper\">\n\t\t\t\t\t<a class=\"elementor-button elementor-button-link elementor-size-sm\" href=\"https:\/\/www.speedfestival.cz\/program-a-mapa\">\n\t\t\t\t\t\t<span class=\"elementor-button-content-wrapper\">\n\t\t\t\t\t\t\t\t\t<span class=\"elementor-button-text\">INFORMACJE I PROGRAM FESTIWALU ZNAJDZIESZ TUTAJ<\/span>\n\t\t\t\t\t<\/span>\n\t\t\t\t\t<\/a>\n\t\t\t\t<\/div>\n\t\t\t\t\t\t\t\t<\/div>\n\t\t\t\t<\/div>\n\t\t\t\t<div class=\"elementor-element elementor-element-94b2dba elementor-widget elementor-widget-text-editor\" data-id=\"94b2dba\" data-element_type=\"widget\" data-widget_type=\"text-editor.default\">\n\t\t\t\t<div class=\"elementor-widget-container\">\n\t\t\t\t\t\t\t\t\t<h3 style=\"text-align: center;\">Po wpisaniu kodu <strong>\u201elegendy\u201d<\/strong> otrzymasz 10% zni\u017cki na bilety, kt\u00f3re znajdziesz poni\u017cej.<\/h3>\n\t\t\t\t\t\t\t\t<\/div>\n\t\t\t\t<\/div>\n\t\t\t\t<div class=\"elementor-element elementor-element-d315a6b elementor-align-center elementor-widget elementor-widget-button\" data-id=\"d315a6b\" data-element_type=\"widget\" data-widget_type=\"button.default\">\n\t\t\t\t<div class=\"elementor-widget-container\">\n\t\t\t\t\t\t\t\t\t<div class=\"elementor-button-wrapper\">\n\t\t\t\t\t<a class=\"elementor-button elementor-button-link elementor-size-sm\" href=\"https:\/\/tickets.nfctron.com\/event\/north-bohemia-classic-club-v-acr\/speed-festival-2025\">\n\t\t\t\t\t\t<span class=\"elementor-button-content-wrapper\">\n\t\t\t\t\t\t\t\t\t<span class=\"elementor-button-text\">BILETY TUTAJ<\/span>\n\t\t\t\t\t<\/span>\n\t\t\t\t\t<\/a>\n\t\t\t\t<\/div>\n\t\t\t\t\t\t\t\t<\/div>\n\t\t\t\t<\/div>\n\t\t\t\t<div class=\"elementor-element elementor-element-c21fe33 elementor-widget elementor-widget-text-editor\" data-id=\"c21fe33\" data-element_type=\"widget\" data-widget_type=\"text-editor.default\">\n\t\t\t\t<div class=\"elementor-widget-container\">\n\t\t\t\t\t\t\t\t\t<h4 style=\"text-align: center;\">Nie mo\u017cesz przegapi\u0107 tej imprezy.<\/h4>\n\t\t\t\t\t\t\t\t<\/div>\n\t\t\t\t<\/div>\n\t\t\t\t\t<\/div>\n\t\t<\/div>\n\t\t\t\t\t<\/div>\n\t\t<\/section>\n\t\t\t\t<section class=\"elementor-section elementor-top-section elementor-element elementor-element-f85b287 elementor-section-boxed elementor-section-height-default elementor-section-height-default\" data-id=\"f85b287\" data-element_type=\"section\">\n\t\t\t\t\t\t<div class=\"elementor-container elementor-column-gap-default\">\n\t\t\t\t\t<div class=\"elementor-column elementor-col-50 elementor-top-column elementor-element elementor-element-594310d3\" data-id=\"594310d3\" data-element_type=\"column\">\n\t\t\t<div class=\"elementor-widget-wrap elementor-element-populated\">\n\t\t\t\t\t\t<div class=\"elementor-element elementor-element-239326e elementor-widget elementor-widget-global elementor-global-36225 elementor-global-1184 elementor-widget-heading\" data-id=\"239326e\" data-element_type=\"widget\" data-widget_type=\"heading.default\">\n\t\t\t\t<div class=\"elementor-widget-container\">\n\t\t\t\t\t<h2 class=\"elementor-heading-title elementor-size-default\">NASZ ZESP\u00d3\u0141<\/h2>\t\t\t\t<\/div>\n\t\t\t\t<\/div>\n\t\t\t\t<div class=\"elementor-element elementor-element-4d4c01d elementor-widget elementor-widget-global elementor-global-36229 elementor-global-1187 elementor-widget-text-editor\" data-id=\"4d4c01d\" data-element_type=\"widget\" data-widget_type=\"text-editor.default\">\n\t\t\t\t<div class=\"elementor-widget-container\">\n\t\t\t\t\t\t\t\t\t<p>Nasz zesp\u00f3\u0142 sk\u0142ada si\u0119 z <b>do\u015bwiadczonych kierowc\u00f3w<\/b>, kt\u00f3rych \u0142\u0105czy pasja do sportowych samochod\u00f3w i motocykli. Ale \u0142\u0105czy nas co\u015b wi\u0119cej ni\u017c zapach benzyny i ryk silnika. Razem <strong>tworzymy spo\u0142eczno\u015b\u0107 pasjonat\u00f3w<\/strong>, kt\u00f3rzy chc\u0105 do\u015bwiadczy\u0107 tego, co \u015bwiat motoryzacji ma najlepszego do zaoferowania. Niezale\u017cnie od tego, czy s\u0105 to przeja\u017cd\u017cki przygodowe, wypo\u017cyczalnie rower\u00f3w czy wycieczki trackday, razem tworzymy <b>niezapomniane do\u015bwiadczenia<\/b>. <a href=\"\/?page_id=837\" data-mce-href=\"https:\/\/www.legendyuvas.cz\/pl\/o-nas\/\"><span style=\"text-decoration: underline;\" data-mce-style=\"text-decoration: underline;\">WI\u0118CEJ O NAS<\/span><\/a><\/p>\n\t\t\t\t\t\t\t\t<\/div>\n\t\t\t\t<\/div>\n\t\t\t\t<div class=\"elementor-element elementor-element-4c84c7d elementor-widget elementor-widget-global elementor-global-40350 elementor-global-1190 elementor-widget-image\" data-id=\"4c84c7d\" data-element_type=\"widget\" data-widget_type=\"image.default\">\n\t\t\t\t<div class=\"elementor-widget-container\">\n\t\t\t\t\t\t\t\t\t\t\t\t\t\t\t<img decoding=\"async\" width=\"768\" height=\"512\" src=\"https:\/\/www.legendyuvas.cz\/wp-content\/uploads\/2023\/06\/C5D_8399-768x512.jpg\" class=\"attachment-medium_large size-medium_large wp-image-20107\" alt=\"\" srcset=\"https:\/\/www.legendyuvas.cz\/wp-content\/uploads\/2023\/06\/C5D_8399-768x512.jpg 768w, https:\/\/www.legendyuvas.cz\/wp-content\/uploads\/2023\/06\/C5D_8399-scaled-600x400.jpg 600w, https:\/\/www.legendyuvas.cz\/wp-content\/uploads\/2023\/06\/C5D_8399-300x200.jpg 300w, https:\/\/www.legendyuvas.cz\/wp-content\/uploads\/2023\/06\/C5D_8399-1024x683.jpg 1024w, https:\/\/www.legendyuvas.cz\/wp-content\/uploads\/2023\/06\/C5D_8399-1536x1024.jpg 1536w, https:\/\/www.legendyuvas.cz\/wp-content\/uploads\/2023\/06\/C5D_8399-2048x1365.jpg 2048w\" sizes=\"(max-width: 768px) 100vw, 768px\" \/>\t\t\t\t\t\t\t\t\t\t\t\t\t\t\t<\/div>\n\t\t\t\t<\/div>\n\t\t\t\t\t<\/div>\n\t\t<\/div>\n\t\t\t\t<div class=\"elementor-column elementor-col-50 elementor-top-column elementor-element elementor-element-85b79ae\" data-id=\"85b79ae\" data-element_type=\"column\">\n\t\t\t<div class=\"elementor-widget-wrap elementor-element-populated\">\n\t\t\t\t\t\t<div class=\"elementor-element elementor-element-73f950e1 elementor-widget elementor-widget-spacer\" data-id=\"73f950e1\" data-element_type=\"widget\" data-widget_type=\"spacer.default\">\n\t\t\t\t<div class=\"elementor-widget-container\">\n\t\t\t\t\t\t\t<div class=\"elementor-spacer\">\n\t\t\t<div class=\"elementor-spacer-inner\"><\/div>\n\t\t<\/div>\n\t\t\t\t\t\t<\/div>\n\t\t\t\t<\/div>\n\t\t\t\t<div class=\"elementor-element elementor-element-d177ccb elementor-widget elementor-widget-heading\" data-id=\"d177ccb\" data-element_type=\"widget\" data-widget_type=\"heading.default\">\n\t\t\t\t<div class=\"elementor-widget-container\">\n\t\t\t\t\t<h3 class=\"elementor-heading-title elementor-size-default\">Potrzebujesz porady?<\/h3>\t\t\t\t<\/div>\n\t\t\t\t<\/div>\n\t\t\t\t<section class=\"elementor-section elementor-inner-section elementor-element elementor-element-7891dbe5 elementor-section-boxed elementor-section-height-default elementor-section-height-default\" data-id=\"7891dbe5\" data-element_type=\"section\">\n\t\t\t\t\t\t<div class=\"elementor-container elementor-column-gap-default\">\n\t\t\t\t\t<div class=\"elementor-column elementor-col-50 elementor-inner-column elementor-element elementor-element-4edc2795\" data-id=\"4edc2795\" data-element_type=\"column\">\n\t\t\t<div class=\"elementor-widget-wrap elementor-element-populated\">\n\t\t\t\t\t\t<div class=\"elementor-element elementor-element-223727db elementor-widget elementor-widget-global elementor-global-40364 elementor-global-1507 elementor-widget-image\" data-id=\"223727db\" data-element_type=\"widget\" data-widget_type=\"image.default\">\n\t\t\t\t<div class=\"elementor-widget-container\">\n\t\t\t\t\t\t\t\t\t\t\t\t\t\t\t<img decoding=\"async\" width=\"300\" height=\"200\" src=\"https:\/\/www.legendyuvas.cz\/wp-content\/uploads\/2025\/11\/PFR67009-300x200.jpg\" class=\"attachment-medium size-medium wp-image-31687\" alt=\"\" srcset=\"https:\/\/www.legendyuvas.cz\/wp-content\/uploads\/2025\/11\/PFR67009-300x200.jpg 300w, https:\/\/www.legendyuvas.cz\/wp-content\/uploads\/2025\/11\/PFR67009-1024x683.jpg 1024w, https:\/\/www.legendyuvas.cz\/wp-content\/uploads\/2025\/11\/PFR67009-768x512.jpg 768w, https:\/\/www.legendyuvas.cz\/wp-content\/uploads\/2025\/11\/PFR67009-1536x1024.jpg 1536w, https:\/\/www.legendyuvas.cz\/wp-content\/uploads\/2025\/11\/PFR67009-2048x1365.jpg 2048w, https:\/\/www.legendyuvas.cz\/wp-content\/uploads\/2025\/11\/PFR67009-600x400.jpg 600w\" sizes=\"(max-width: 300px) 100vw, 300px\" \/>\t\t\t\t\t\t\t\t\t\t\t\t\t\t\t<\/div>\n\t\t\t\t<\/div>\n\t\t\t\t\t<\/div>\n\t\t<\/div>\n\t\t\t\t<div class=\"elementor-column elementor-col-50 elementor-inner-column elementor-element elementor-element-22812559\" data-id=\"22812559\" data-element_type=\"column\">\n\t\t\t<div class=\"elementor-widget-wrap elementor-element-populated\">\n\t\t\t\t\t\t<div class=\"elementor-element elementor-element-299b0d26 elementor-widget elementor-widget-global elementor-global-36144 elementor-global-1513 elementor-widget-heading\" data-id=\"299b0d26\" data-element_type=\"widget\" data-widget_type=\"heading.default\">\n\t\t\t\t<div class=\"elementor-widget-container\">\n\t\t\t\t\t<span class=\"elementor-heading-title elementor-size-default\">Ane\u017eka Z\u00e1vorkov\u00e1<\/span>\t\t\t\t<\/div>\n\t\t\t\t<\/div>\n\t\t\t\t<div class=\"elementor-element elementor-element-3afecbea elementor-widget elementor-widget-global elementor-global-36150 elementor-global-1516 elementor-widget-heading\" data-id=\"3afecbea\" data-element_type=\"widget\" data-widget_type=\"heading.default\">\n\t\t\t\t<div class=\"elementor-widget-container\">\n\t\t\t\t\t<span class=\"elementor-heading-title elementor-size-default\">do\u015bwiadczenia w samochodach<\/span>\t\t\t\t<\/div>\n\t\t\t\t<\/div>\n\t\t\t\t<div class=\"elementor-element elementor-element-2c48c366 elementor-position-left elementor-mobile-position-left need-help-icon-box elementor-view-default elementor-vertical-align-top elementor-widget elementor-widget-global elementor-global-36158 elementor-global-1519 elementor-widget-icon-box\" data-id=\"2c48c366\" data-element_type=\"widget\" data-widget_type=\"icon-box.default\">\n\t\t\t\t<div class=\"elementor-widget-container\">\n\t\t\t\t\t\t\t<div class=\"elementor-icon-box-wrapper\">\n\n\t\t\t\t\t\t<div class=\"elementor-icon-box-icon\">\n\t\t\t\t<a href=\"mailto:info@legendyuvas.cz\" class=\"elementor-icon\" tabindex=\"-1\" aria-label=\"info@legendyuvas.cz\">\n\t\t\t\t<i aria-hidden=\"true\" class=\"fas fa-envelope\"><\/i>\t\t\t\t<\/a>\n\t\t\t<\/div>\n\t\t\t\n\t\t\t\t\t\t<div class=\"elementor-icon-box-content\">\n\n\t\t\t\t\t\t\t\t\t<h3 class=\"elementor-icon-box-title\">\n\t\t\t\t\t\t<a href=\"mailto:info@legendyuvas.cz\" >\n\t\t\t\t\t\t\tinfo@legendyuvas.cz\t\t\t\t\t\t<\/a>\n\t\t\t\t\t<\/h3>\n\t\t\t\t\n\t\t\t\t\n\t\t\t<\/div>\n\t\t\t\n\t\t<\/div>\n\t\t\t\t\t\t<\/div>\n\t\t\t\t<\/div>\n\t\t\t\t<div class=\"elementor-element elementor-element-3143c5ef elementor-position-left elementor-mobile-position-left need-help-icon-box elementor-view-default elementor-vertical-align-top elementor-widget elementor-widget-global elementor-global-32338 elementor-global-1522 elementor-widget-icon-box\" data-id=\"3143c5ef\" data-element_type=\"widget\" data-widget_type=\"icon-box.default\">\n\t\t\t\t<div class=\"elementor-widget-container\">\n\t\t\t\t\t\t\t<div class=\"elementor-icon-box-wrapper\">\n\n\t\t\t\t\t\t<div class=\"elementor-icon-box-icon\">\n\t\t\t\t<a href=\"tel:+420602444244\" class=\"elementor-icon\" tabindex=\"-1\" aria-label=\"+420 602 444 244\">\n\t\t\t\t<i aria-hidden=\"true\" class=\"fas fa-phone-alt\"><\/i>\t\t\t\t<\/a>\n\t\t\t<\/div>\n\t\t\t\n\t\t\t\t\t\t<div class=\"elementor-icon-box-content\">\n\n\t\t\t\t\t\t\t\t\t<h3 class=\"elementor-icon-box-title\">\n\t\t\t\t\t\t<a href=\"tel:+420602444244\" >\n\t\t\t\t\t\t\t+420 602 444 244\t\t\t\t\t\t<\/a>\n\t\t\t\t\t<\/h3>\n\t\t\t\t\n\t\t\t\t\t\t\t\t\t<p class=\"elementor-icon-box-description\">\n\t\t\t\t\t\t(od poniedzia\u0142ku do pi\u0105tku w godzinach 8:00-17:00)\t\t\t\t\t<\/p>\n\t\t\t\t\n\t\t\t<\/div>\n\t\t\t\n\t\t<\/div>\n\t\t\t\t\t\t<\/div>\n\t\t\t\t<\/div>\n\t\t\t\t\t<\/div>\n\t\t<\/div>\n\t\t\t\t\t<\/div>\n\t\t<\/section>\n\t\t\t\t<section class=\"elementor-section elementor-inner-section elementor-element elementor-element-16d104a9 elementor-section-boxed elementor-section-height-default elementor-section-height-default\" data-id=\"16d104a9\" data-element_type=\"section\">\n\t\t\t\t\t\t<div class=\"elementor-container elementor-column-gap-default\">\n\t\t\t\t\t<div class=\"elementor-column elementor-col-50 elementor-inner-column elementor-element elementor-element-5061f155\" data-id=\"5061f155\" data-element_type=\"column\">\n\t\t\t<div class=\"elementor-widget-wrap elementor-element-populated\">\n\t\t\t\t\t\t<div class=\"elementor-element elementor-element-387e804c elementor-widget elementor-widget-global elementor-global-40373 elementor-global-1510 elementor-widget-image\" data-id=\"387e804c\" data-element_type=\"widget\" data-widget_type=\"image.default\">\n\t\t\t\t<div class=\"elementor-widget-container\">\n\t\t\t\t\t\t\t\t\t\t\t\t\t\t\t<img loading=\"lazy\" decoding=\"async\" width=\"300\" height=\"300\" src=\"https:\/\/www.legendyuvas.cz\/wp-content\/uploads\/2023\/08\/C5D_0395-01-01-1-300x300.jpeg\" class=\"attachment-medium size-medium wp-image-21487\" alt=\"\" srcset=\"https:\/\/www.legendyuvas.cz\/wp-content\/uploads\/2023\/08\/C5D_0395-01-01-1-300x300.jpeg 300w, https:\/\/www.legendyuvas.cz\/wp-content\/uploads\/2023\/08\/C5D_0395-01-01-1-1024x1022.jpeg 1024w, https:\/\/www.legendyuvas.cz\/wp-content\/uploads\/2023\/08\/C5D_0395-01-01-1-150x150.jpeg 150w, https:\/\/www.legendyuvas.cz\/wp-content\/uploads\/2023\/08\/C5D_0395-01-01-1-768x766.jpeg 768w, https:\/\/www.legendyuvas.cz\/wp-content\/uploads\/2023\/08\/C5D_0395-01-01-1-1536x1533.jpeg 1536w, https:\/\/www.legendyuvas.cz\/wp-content\/uploads\/2023\/08\/C5D_0395-01-01-1-2048x2044.jpeg 2048w, https:\/\/www.legendyuvas.cz\/wp-content\/uploads\/2023\/08\/C5D_0395-01-01-1-600x599.jpeg 600w, https:\/\/www.legendyuvas.cz\/wp-content\/uploads\/2023\/08\/C5D_0395-01-01-1-100x100.jpeg 100w\" sizes=\"(max-width: 300px) 100vw, 300px\" \/>\t\t\t\t\t\t\t\t\t\t\t\t\t\t\t<\/div>\n\t\t\t\t<\/div>\n\t\t\t\t\t<\/div>\n\t\t<\/div>\n\t\t\t\t<div class=\"elementor-column elementor-col-50 elementor-inner-column elementor-element elementor-element-724fd619\" data-id=\"724fd619\" data-element_type=\"column\">\n\t\t\t<div class=\"elementor-widget-wrap elementor-element-populated\">\n\t\t\t\t\t\t<div class=\"elementor-element elementor-element-b15853d elementor-widget elementor-widget-global elementor-global-32346 elementor-global-1525 elementor-widget-heading\" data-id=\"b15853d\" data-element_type=\"widget\" data-widget_type=\"heading.default\">\n\t\t\t\t<div class=\"elementor-widget-container\">\n\t\t\t\t\t<span class=\"elementor-heading-title elementor-size-default\">Ond\u0159ej Hrudka<\/span>\t\t\t\t<\/div>\n\t\t\t\t<\/div>\n\t\t\t\t<div class=\"elementor-element elementor-element-48371013 elementor-widget elementor-widget-global elementor-global-32354 elementor-global-1528 elementor-widget-heading\" data-id=\"48371013\" data-element_type=\"widget\" data-widget_type=\"heading.default\">\n\t\t\t\t<div class=\"elementor-widget-container\">\n\t\t\t\t\t<span class=\"elementor-heading-title elementor-size-default\">wypo\u017cyczalnia motocykli<\/span>\t\t\t\t<\/div>\n\t\t\t\t<\/div>\n\t\t\t\t<div class=\"elementor-element elementor-element-78dacd89 elementor-position-left elementor-mobile-position-left need-help-icon-box elementor-view-default elementor-vertical-align-top elementor-widget elementor-widget-global elementor-global-32362 elementor-global-1531 elementor-widget-icon-box\" data-id=\"78dacd89\" data-element_type=\"widget\" data-widget_type=\"icon-box.default\">\n\t\t\t\t<div class=\"elementor-widget-container\">\n\t\t\t\t\t\t\t<div class=\"elementor-icon-box-wrapper\">\n\n\t\t\t\t\t\t<div class=\"elementor-icon-box-icon\">\n\t\t\t\t<a href=\"mailto:pujcovna@legendyuvas.cz\" class=\"elementor-icon\" tabindex=\"-1\" aria-label=\"pujcovna@legendyuvas.cz\">\n\t\t\t\t<i aria-hidden=\"true\" class=\"fas fa-envelope\"><\/i>\t\t\t\t<\/a>\n\t\t\t<\/div>\n\t\t\t\n\t\t\t\t\t\t<div class=\"elementor-icon-box-content\">\n\n\t\t\t\t\t\t\t\t\t<h3 class=\"elementor-icon-box-title\">\n\t\t\t\t\t\t<a href=\"mailto:pujcovna@legendyuvas.cz\" >\n\t\t\t\t\t\t\tpujcovna@legendyuvas.cz\t\t\t\t\t\t<\/a>\n\t\t\t\t\t<\/h3>\n\t\t\t\t\n\t\t\t\t\n\t\t\t<\/div>\n\t\t\t\n\t\t<\/div>\n\t\t\t\t\t\t<\/div>\n\t\t\t\t<\/div>\n\t\t\t\t<div class=\"elementor-element elementor-element-5e0bf095 elementor-position-left elementor-mobile-position-left need-help-icon-box elementor-view-default elementor-vertical-align-top elementor-widget elementor-widget-global elementor-global-32370 elementor-global-1534 elementor-widget-icon-box\" data-id=\"5e0bf095\" data-element_type=\"widget\" data-widget_type=\"icon-box.default\">\n\t\t\t\t<div class=\"elementor-widget-container\">\n\t\t\t\t\t\t\t<div class=\"elementor-icon-box-wrapper\">\n\n\t\t\t\t\t\t<div class=\"elementor-icon-box-icon\">\n\t\t\t\t<a href=\"tel:+420771285924\" class=\"elementor-icon\" tabindex=\"-1\" aria-label=\"+420 771 285 924\">\n\t\t\t\t<i aria-hidden=\"true\" class=\"fas fa-phone-alt\"><\/i>\t\t\t\t<\/a>\n\t\t\t<\/div>\n\t\t\t\n\t\t\t\t\t\t<div class=\"elementor-icon-box-content\">\n\n\t\t\t\t\t\t\t\t\t<h3 class=\"elementor-icon-box-title\">\n\t\t\t\t\t\t<a href=\"tel:+420771285924\" >\n\t\t\t\t\t\t\t+420 771 285 924\t\t\t\t\t\t<\/a>\n\t\t\t\t\t<\/h3>\n\t\t\t\t\n\t\t\t\t\t\t\t\t\t<p class=\"elementor-icon-box-description\">\n\t\t\t\t\t\t(od poniedzia\u0142ku do pi\u0105tku w godzinach 8:00-17:00)\t\t\t\t\t<\/p>\n\t\t\t\t\n\t\t\t<\/div>\n\t\t\t\n\t\t<\/div>\n\t\t\t\t\t\t<\/div>\n\t\t\t\t<\/div>\n\t\t\t\t\t<\/div>\n\t\t<\/div>\n\t\t\t\t\t<\/div>\n\t\t<\/section>\n\t\t\t\t\t<\/div>\n\t\t<\/div>\n\t\t\t\t\t<\/div>\n\t\t<\/section>\n\t\t\t\t<section class=\"elementor-section elementor-top-section elementor-element elementor-element-33d41cb4 elementor-hidden-desktop elementor-hidden-tablet elementor-hidden-mobile elementor-section-boxed elementor-section-height-default elementor-section-height-default\" data-id=\"33d41cb4\" data-element_type=\"section\">\n\t\t\t\t\t\t<div class=\"elementor-container elementor-column-gap-default\">\n\t\t\t\t\t<div class=\"elementor-column elementor-col-100 elementor-top-column elementor-element elementor-element-53993d3b\" data-id=\"53993d3b\" data-element_type=\"column\">\n\t\t\t<div class=\"elementor-widget-wrap elementor-element-populated\">\n\t\t\t\t\t\t<div class=\"elementor-element elementor-element-5ebcd36e elementor-widget elementor-widget-heading\" data-id=\"5ebcd36e\" data-element_type=\"widget\" data-widget_type=\"heading.default\">\n\t\t\t\t<div class=\"elementor-widget-container\">\n\t\t\t\t\t<h2 class=\"elementor-heading-title elementor-size-default\">OBECNIE NA BLOGU<\/h2>\t\t\t\t<\/div>\n\t\t\t\t<\/div>\n\t\t\t\t<div class=\"elementor-element elementor-element-dc51235 elementor-grid-4 elementor-grid-tablet-2 elementor-grid-mobile-1 elementor-posts--thumbnail-top elementor-card-shadow-yes elementor-posts__hover-gradient elementor-widget elementor-widget-global elementor-global-36237 elementor-global-1194 elementor-widget-posts\" data-id=\"dc51235\" data-element_type=\"widget\" data-settings=\"{&quot;cards_columns&quot;:&quot;4&quot;,&quot;cards_columns_tablet&quot;:&quot;2&quot;,&quot;cards_columns_mobile&quot;:&quot;1&quot;,&quot;cards_row_gap&quot;:{&quot;unit&quot;:&quot;px&quot;,&quot;size&quot;:35,&quot;sizes&quot;:[]},&quot;cards_row_gap_tablet&quot;:{&quot;unit&quot;:&quot;px&quot;,&quot;size&quot;:&quot;&quot;,&quot;sizes&quot;:[]},&quot;cards_row_gap_mobile&quot;:{&quot;unit&quot;:&quot;px&quot;,&quot;size&quot;:&quot;&quot;,&quot;sizes&quot;:[]}}\" data-widget_type=\"posts.cards\">\n\t\t\t\t<div class=\"elementor-widget-container\">\n\t\t\t\t\t\t\t<div class=\"elementor-posts-container elementor-posts elementor-posts--skin-cards elementor-grid\">\n\t\t\t\t<article class=\"elementor-post elementor-grid-item post-33043 post type-post status-publish format-standard has-post-thumbnail hentry category-bez-kategorii tag-drift-pl tag-porsche-pl tag-porsche-911-pl tag-porsche-dakar-pl tag-porsche-gt3-pl tag-porsche-ice-experience-pl tag-porsche-ice-experience-2024-pl\">\n\t\t\t<div class=\"elementor-post__card\">\n\t\t\t\t<a class=\"elementor-post__thumbnail__link\" href=\"https:\/\/www.legendyuvas.cz\/pl\/blog\/spelnione-marzenie\/\" tabindex=\"-1\" ><div class=\"elementor-post__thumbnail\"><img loading=\"lazy\" decoding=\"async\" width=\"300\" height=\"200\" src=\"https:\/\/www.legendyuvas.cz\/wp-content\/uploads\/2024\/03\/PorscheIceExperience_Impressions_W2_2800_HH-300x200.jpg\" class=\"attachment-medium size-medium wp-image-24571\" alt=\"\" srcset=\"https:\/\/www.legendyuvas.cz\/wp-content\/uploads\/2024\/03\/PorscheIceExperience_Impressions_W2_2800_HH-300x200.jpg 300w, https:\/\/www.legendyuvas.cz\/wp-content\/uploads\/2024\/03\/PorscheIceExperience_Impressions_W2_2800_HH-1024x683.jpg 1024w, https:\/\/www.legendyuvas.cz\/wp-content\/uploads\/2024\/03\/PorscheIceExperience_Impressions_W2_2800_HH-768x512.jpg 768w, https:\/\/www.legendyuvas.cz\/wp-content\/uploads\/2024\/03\/PorscheIceExperience_Impressions_W2_2800_HH-1536x1025.jpg 1536w, https:\/\/www.legendyuvas.cz\/wp-content\/uploads\/2024\/03\/PorscheIceExperience_Impressions_W2_2800_HH-600x400.jpg 600w, https:\/\/www.legendyuvas.cz\/wp-content\/uploads\/2024\/03\/PorscheIceExperience_Impressions_W2_2800_HH.jpg 2048w\" sizes=\"(max-width: 300px) 100vw, 300px\" \/><\/div><\/a>\n\t\t\t\t<div class=\"elementor-post__text\">\n\t\t\t\t<h3 class=\"elementor-post__title\">\n\t\t\t<a href=\"https:\/\/www.legendyuvas.cz\/pl\/blog\/spelnione-marzenie\/\" >\n\t\t\t\tSpe\u0142nione marzenie\t\t\t<\/a>\n\t\t<\/h3>\n\t\t\t\t<div class=\"elementor-post__excerpt\">\n\t\t\t<p>Niedawno mieli\u015bmy zaszczyt wzi\u0105\u0107 udzia\u0142 w wyj\u0105tkowym do\u015bwiadczeniu &#8211; Porsche Ice Experience 2024 w skutej<\/p>\n\t\t<\/div>\n\t\t\n\t\t<a class=\"elementor-post__read-more\" href=\"https:\/\/www.legendyuvas.cz\/pl\/blog\/spelnione-marzenie\/\" aria-label=\"Read more about Spe\u0142nione marzenie\" tabindex=\"-1\" >\n\t\t\tCzytaj wi\u0119cej \u00bb\t\t<\/a>\n\n\t\t\t\t<\/div>\n\t\t\t\t<div class=\"elementor-post__meta-data\">\n\t\t\t\t\t<span class=\"elementor-post-date\">\n\t\t\t11 marca, 2024\t\t<\/span>\n\t\t\t\t<\/div>\n\t\t\t\t\t<\/div>\n\t\t<\/article>\n\t\t\t\t<article class=\"elementor-post elementor-grid-item post-33037 post type-post status-publish format-standard has-post-thumbnail hentry category-bez-kategorii tag-bmw-pl tag-bmwm-pl tag-bmwm3csl-pl tag-bmwm4csl-pl tag-dailydriver-pl tag-praguecarfestival-pl\">\n\t\t\t<div class=\"elementor-post__card\">\n\t\t\t\t<a class=\"elementor-post__thumbnail__link\" href=\"https:\/\/www.legendyuvas.cz\/pl\/blog\/praski-festiwal-samochodowy-2023\/\" tabindex=\"-1\" ><div class=\"elementor-post__thumbnail\"><img loading=\"lazy\" decoding=\"async\" width=\"300\" height=\"200\" src=\"https:\/\/www.legendyuvas.cz\/wp-content\/uploads\/2023\/11\/445A9500-300x200.jpg\" class=\"attachment-medium size-medium wp-image-23375\" alt=\"\" srcset=\"https:\/\/www.legendyuvas.cz\/wp-content\/uploads\/2023\/11\/445A9500-300x200.jpg 300w, https:\/\/www.legendyuvas.cz\/wp-content\/uploads\/2023\/11\/445A9500-1024x683.jpg 1024w, https:\/\/www.legendyuvas.cz\/wp-content\/uploads\/2023\/11\/445A9500-768x512.jpg 768w, https:\/\/www.legendyuvas.cz\/wp-content\/uploads\/2023\/11\/445A9500-1536x1024.jpg 1536w, https:\/\/www.legendyuvas.cz\/wp-content\/uploads\/2023\/11\/445A9500-600x400.jpg 600w, https:\/\/www.legendyuvas.cz\/wp-content\/uploads\/2023\/11\/445A9500.jpg 2048w\" sizes=\"(max-width: 300px) 100vw, 300px\" \/><\/div><\/a>\n\t\t\t\t<div class=\"elementor-post__text\">\n\t\t\t\t<h3 class=\"elementor-post__title\">\n\t\t\t<a href=\"https:\/\/www.legendyuvas.cz\/pl\/blog\/praski-festiwal-samochodowy-2023\/\" >\n\t\t\t\tPraski Festiwal Samochodowy 2023\t\t\t<\/a>\n\t\t<\/h3>\n\t\t\t\t<div class=\"elementor-post__excerpt\">\n\t\t\t<p>W miniony weekend w Pradze Let\u0148any odby\u0142a si\u0119 popularna impreza motoryzacyjna &#8211; Prague Car Festival.<\/p>\n\t\t<\/div>\n\t\t\n\t\t<a class=\"elementor-post__read-more\" href=\"https:\/\/www.legendyuvas.cz\/pl\/blog\/praski-festiwal-samochodowy-2023\/\" aria-label=\"Read more about Praski Festiwal Samochodowy 2023\" tabindex=\"-1\" >\n\t\t\tCzytaj wi\u0119cej \u00bb\t\t<\/a>\n\n\t\t\t\t<\/div>\n\t\t\t\t<div class=\"elementor-post__meta-data\">\n\t\t\t\t\t<span class=\"elementor-post-date\">\n\t\t\t7 listopada, 2023\t\t<\/span>\n\t\t\t\t<\/div>\n\t\t\t\t\t<\/div>\n\t\t<\/article>\n\t\t\t\t<article class=\"elementor-post elementor-grid-item post-33031 post type-post status-publish format-standard has-post-thumbnail hentry category-bez-kategorii tag-autodrommost-pl tag-most-pl tag-mostclassic-pl tag-toyotagr86-pl\">\n\t\t\t<div class=\"elementor-post__card\">\n\t\t\t\t<a class=\"elementor-post__thumbnail__link\" href=\"https:\/\/www.legendyuvas.cz\/pl\/blog\/cofnij-sie-w-czasie-z-gr86\/\" tabindex=\"-1\" ><div class=\"elementor-post__thumbnail\"><img loading=\"lazy\" decoding=\"async\" width=\"300\" height=\"200\" src=\"https:\/\/www.legendyuvas.cz\/wp-content\/uploads\/2023\/09\/IMG_8930-01-300x200.jpeg\" class=\"attachment-medium size-medium wp-image-23199\" alt=\"\" srcset=\"https:\/\/www.legendyuvas.cz\/wp-content\/uploads\/2023\/09\/IMG_8930-01-300x200.jpeg 300w, https:\/\/www.legendyuvas.cz\/wp-content\/uploads\/2023\/09\/IMG_8930-01-1024x683.jpeg 1024w, https:\/\/www.legendyuvas.cz\/wp-content\/uploads\/2023\/09\/IMG_8930-01-768x512.jpeg 768w, https:\/\/www.legendyuvas.cz\/wp-content\/uploads\/2023\/09\/IMG_8930-01-1536x1024.jpeg 1536w, https:\/\/www.legendyuvas.cz\/wp-content\/uploads\/2023\/09\/IMG_8930-01-2048x1365.jpeg 2048w, https:\/\/www.legendyuvas.cz\/wp-content\/uploads\/2023\/09\/IMG_8930-01-600x400.jpeg 600w\" sizes=\"(max-width: 300px) 100vw, 300px\" \/><\/div><\/a>\n\t\t\t\t<div class=\"elementor-post__text\">\n\t\t\t\t<h3 class=\"elementor-post__title\">\n\t\t\t<a href=\"https:\/\/www.legendyuvas.cz\/pl\/blog\/cofnij-sie-w-czasie-z-gr86\/\" >\n\t\t\t\tCofnij si\u0119 w czasie z GR86\t\t\t<\/a>\n\t\t<\/h3>\n\t\t\t\t<div class=\"elementor-post__excerpt\">\n\t\t\t<p>Nasza niedawna wizyta na imprezie &#8222;Most Classic&#8221; organizowanej przez Corners.cz we wsp\u00f3\u0142pracy z Autodrom Most<\/p>\n\t\t<\/div>\n\t\t\n\t\t<a class=\"elementor-post__read-more\" href=\"https:\/\/www.legendyuvas.cz\/pl\/blog\/cofnij-sie-w-czasie-z-gr86\/\" aria-label=\"Read more about Cofnij si\u0119 w czasie z GR86\" tabindex=\"-1\" >\n\t\t\tCzytaj wi\u0119cej \u00bb\t\t<\/a>\n\n\t\t\t\t<\/div>\n\t\t\t\t<div class=\"elementor-post__meta-data\">\n\t\t\t\t\t<span class=\"elementor-post-date\">\n\t\t\t12 wrze\u015bnia, 2023\t\t<\/span>\n\t\t\t\t<\/div>\n\t\t\t\t\t<\/div>\n\t\t<\/article>\n\t\t\t\t<article class=\"elementor-post elementor-grid-item post-33023 post type-post status-publish format-standard has-post-thumbnail hentry category-bez-kategorii tag-ferrari-pl tag-masarykracingdays-pl tag-okruhbrno-pl tag-toyotagr86-pl\">\n\t\t\t<div class=\"elementor-post__card\">\n\t\t\t\t<a class=\"elementor-post__thumbnail__link\" href=\"https:\/\/www.legendyuvas.cz\/pl\/blog\/masaryk-racing-days-2023\/\" tabindex=\"-1\" ><div class=\"elementor-post__thumbnail\"><img loading=\"lazy\" decoding=\"async\" width=\"300\" height=\"200\" src=\"https:\/\/www.legendyuvas.cz\/wp-content\/uploads\/2023\/09\/IMG_9078-01-300x200.jpeg\" class=\"attachment-medium size-medium wp-image-22935\" alt=\"\" srcset=\"https:\/\/www.legendyuvas.cz\/wp-content\/uploads\/2023\/09\/IMG_9078-01-300x200.jpeg 300w, https:\/\/www.legendyuvas.cz\/wp-content\/uploads\/2023\/09\/IMG_9078-01-1024x683.jpeg 1024w, https:\/\/www.legendyuvas.cz\/wp-content\/uploads\/2023\/09\/IMG_9078-01-768x512.jpeg 768w, https:\/\/www.legendyuvas.cz\/wp-content\/uploads\/2023\/09\/IMG_9078-01-1536x1024.jpeg 1536w, https:\/\/www.legendyuvas.cz\/wp-content\/uploads\/2023\/09\/IMG_9078-01-2048x1365.jpeg 2048w, https:\/\/www.legendyuvas.cz\/wp-content\/uploads\/2023\/09\/IMG_9078-01-600x400.jpeg 600w\" sizes=\"(max-width: 300px) 100vw, 300px\" \/><\/div><\/a>\n\t\t\t\t<div class=\"elementor-post__text\">\n\t\t\t\t<h3 class=\"elementor-post__title\">\n\t\t\t<a href=\"https:\/\/www.legendyuvas.cz\/pl\/blog\/masaryk-racing-days-2023\/\" >\n\t\t\t\tMasaryk Racing Days 2023\t\t\t<\/a>\n\t\t<\/h3>\n\t\t\t\t<div class=\"elementor-post__excerpt\">\n\t\t\t<p>W tym roku tor Brno Motor Circuit sta\u0142 si\u0119 miejscem niezapomnianego weekendu dla mi\u0142o\u015bnik\u00f3w pr\u0119dko\u015bci,<\/p>\n\t\t<\/div>\n\t\t\n\t\t<a class=\"elementor-post__read-more\" href=\"https:\/\/www.legendyuvas.cz\/pl\/blog\/masaryk-racing-days-2023\/\" aria-label=\"Read more about Masaryk Racing Days 2023\" tabindex=\"-1\" >\n\t\t\tCzytaj wi\u0119cej \u00bb\t\t<\/a>\n\n\t\t\t\t<\/div>\n\t\t\t\t<div class=\"elementor-post__meta-data\">\n\t\t\t\t\t<span class=\"elementor-post-date\">\n\t\t\t12 wrze\u015bnia, 2023\t\t<\/span>\n\t\t\t\t<\/div>\n\t\t\t\t\t<\/div>\n\t\t<\/article>\n\t\t\t\t<\/div>\n\t\t\n\t\t\t\t\t\t<\/div>\n\t\t\t\t<\/div>\n\t\t\t\t\t<\/div>\n\t\t<\/div>\n\t\t\t\t\t<\/div>\n\t\t<\/section>\n\t\t\t\t<\/div>\n\t\t","protected":false},"excerpt":{"rendered":"<p>SPEED FESTIVAL 13 i 14 wrze\u015bnia 2025 r. w centrum Czeskiej Lipy Na Speed Festivalu mo\u017cecie si\u0119 cieszy\u0107 weekendem pe\u0142nym wyj\u0105tkowych samochod\u00f3w, wy\u015bcig\u00f3w samochodowych, kultury i wra\u017ce\u0144 dla ca\u0142ej rodziny. Miasto o\u017cyje pod znakiem pr\u0119dko\u015bci i sztuki \u2013 czeka na Pa\u0144stwa rajd Memorial B. Engeho, pe\u0142na przyg\u00f3d trasa Picnic race, nocny Grand Prix z wystaw\u0105 [&hellip;]<\/p>\n","protected":false},"author":3,"featured_media":20479,"parent":0,"menu_order":0,"comment_status":"closed","ping_status":"closed","template":"elementor_header_footer","meta":{"footnotes":""},"class_list":["post-33807","page","type-page","status-publish","has-post-thumbnail","hentry"],"yoast_head":"<!-- This site is optimized with the Yoast SEO plugin v24.8.1 - https:\/\/yoast.com\/wordpress\/plugins\/seo\/ -->\n<title>Speed Festival 2025 - Legendy U V\u00e1s<\/title>\n<meta name=\"description\" content=\"Kochasz jazd\u0119 samochodem i chcesz sprawdzi\u0107 swoje umiej\u0119tno\u015bci na prawdziwym torze? Niezale\u017cnie od tego, czy je\u017adzisz sedanem, czy samochodem sportowym, musisz prze\u017cy\u0107 nasz trackday!\" \/>\n<meta name=\"robots\" content=\"index, follow, max-snippet:-1, max-image-preview:large, max-video-preview:-1\" \/>\n<link rel=\"canonical\" href=\"https:\/\/www.legendyuvas.cz\/speed-festival-2025\/\" \/>\n<meta property=\"og:locale\" content=\"pl_PL\" \/>\n<meta property=\"og:type\" content=\"article\" \/>\n<meta property=\"og:title\" content=\"Speed Festival 2025 - Legendy U V\u00e1s\" \/>\n<meta property=\"og:description\" content=\"Kochasz jazd\u0119 samochodem i chcesz sprawdzi\u0107 swoje umiej\u0119tno\u015bci na prawdziwych limitach? Niezale\u017cnie od tego, czy je\u017adzisz sportowym sedanem, hatchbackiem czy samochodem sportowym, musisz prze\u017cy\u0107 nasz trackday! Nie wahaj si\u0119, przyjed\u017a, przesu\u0144 swoje granice i prze\u017cyj niezapomniany dzie\u0144.\" \/>\n<meta property=\"og:url\" content=\"https:\/\/www.legendyuvas.cz\/speed-festival-2025\/\" \/>\n<meta property=\"og:site_name\" content=\"Legendy U V\u00e1s\" \/>\n<meta property=\"article:publisher\" content=\"https:\/\/www.facebook.com\/autolegendyuvas\" \/>\n<meta property=\"article:modified_time\" content=\"2025-11-13T13:51:34+00:00\" \/>\n<meta property=\"og:image\" content=\"https:\/\/www.legendyuvas.cz\/wp-content\/uploads\/2023\/06\/C5D_7925-1-min-1024x683.jpg\" \/>\n<meta name=\"twitter:card\" content=\"summary_large_image\" \/>\n<meta name=\"twitter:label1\" content=\"Szacowany czas czytania\" \/>\n\t<meta name=\"twitter:data1\" content=\"2 minuty\" \/>\n<script type=\"application\/ld+json\" class=\"yoast-schema-graph\">{\"@context\":\"https:\/\/schema.org\",\"@graph\":[{\"@type\":\"WebPage\",\"@id\":\"https:\/\/www.legendyuvas.cz\/speed-festival-2025\/\",\"url\":\"https:\/\/www.legendyuvas.cz\/speed-festival-2025\/\",\"name\":\"Speed Festival 2025 - Legendy U V\u00e1s\",\"isPartOf\":{\"@id\":\"https:\/\/www.legendyuvas.cz\/#website\"},\"primaryImageOfPage\":{\"@id\":\"https:\/\/www.legendyuvas.cz\/speed-festival-2025\/#primaryimage\"},\"image\":{\"@id\":\"https:\/\/www.legendyuvas.cz\/speed-festival-2025\/#primaryimage\"},\"thumbnailUrl\":\"https:\/\/www.legendyuvas.cz\/wp-content\/uploads\/2023\/06\/C5D_7925-1-min-scaled.jpg\",\"datePublished\":\"2025-07-14T12:36:58+00:00\",\"dateModified\":\"2025-11-13T13:51:34+00:00\",\"description\":\"Kochasz jazd\u0119 samochodem i chcesz sprawdzi\u0107 swoje umiej\u0119tno\u015bci na prawdziwym torze? Niezale\u017cnie od tego, czy je\u017adzisz sedanem, czy samochodem sportowym, musisz prze\u017cy\u0107 nasz trackday!\",\"breadcrumb\":{\"@id\":\"https:\/\/www.legendyuvas.cz\/speed-festival-2025\/#breadcrumb\"},\"inLanguage\":\"pl-PL\",\"potentialAction\":[{\"@type\":\"ReadAction\",\"target\":[\"https:\/\/www.legendyuvas.cz\/speed-festival-2025\/\"]}]},{\"@type\":\"ImageObject\",\"inLanguage\":\"pl-PL\",\"@id\":\"https:\/\/www.legendyuvas.cz\/speed-festival-2025\/#primaryimage\",\"url\":\"https:\/\/www.legendyuvas.cz\/wp-content\/uploads\/2023\/06\/C5D_7925-1-min-scaled.jpg\",\"contentUrl\":\"https:\/\/www.legendyuvas.cz\/wp-content\/uploads\/2023\/06\/C5D_7925-1-min-scaled.jpg\",\"width\":2560,\"height\":1707},{\"@type\":\"BreadcrumbList\",\"@id\":\"https:\/\/www.legendyuvas.cz\/speed-festival-2025\/#breadcrumb\",\"itemListElement\":[{\"@type\":\"ListItem\",\"position\":1,\"name\":\"Dom\u016f\",\"item\":\"https:\/\/www.legendyuvas.cz\/\"},{\"@type\":\"ListItem\",\"position\":2,\"name\":\"Speed Festival 2025\"}]},{\"@type\":\"WebSite\",\"@id\":\"https:\/\/www.legendyuvas.cz\/#website\",\"url\":\"https:\/\/www.legendyuvas.cz\/\",\"name\":\"Legendy U V\u00e1s\",\"description\":\"Dechberouc\u00ed z\u00e1\u017eitky v autech a motork\u00e1ch\",\"publisher\":{\"@id\":\"https:\/\/www.legendyuvas.cz\/#organization\"},\"potentialAction\":[{\"@type\":\"SearchAction\",\"target\":{\"@type\":\"EntryPoint\",\"urlTemplate\":\"https:\/\/www.legendyuvas.cz\/?s={search_term_string}\"},\"query-input\":{\"@type\":\"PropertyValueSpecification\",\"valueRequired\":true,\"valueName\":\"search_term_string\"}}],\"inLanguage\":\"pl-PL\"},{\"@type\":\"Organization\",\"@id\":\"https:\/\/www.legendyuvas.cz\/#organization\",\"name\":\"Bontex2 s.r.o.\",\"url\":\"https:\/\/www.legendyuvas.cz\/\",\"logo\":{\"@type\":\"ImageObject\",\"inLanguage\":\"pl-PL\",\"@id\":\"https:\/\/www.legendyuvas.cz\/#\/schema\/logo\/image\/\",\"url\":\"https:\/\/www.legendyuvas.cz\/wp-content\/uploads\/2021\/03\/Legendy-u-Vas.jpg\",\"contentUrl\":\"https:\/\/www.legendyuvas.cz\/wp-content\/uploads\/2021\/03\/Legendy-u-Vas.jpg\",\"width\":400,\"height\":240,\"caption\":\"Bontex2 s.r.o.\"},\"image\":{\"@id\":\"https:\/\/www.legendyuvas.cz\/#\/schema\/logo\/image\/\"},\"sameAs\":[\"https:\/\/www.facebook.com\/autolegendyuvas\",\"https:\/\/www.facebook.com\/motolegendyuvas\",\"https:\/\/www.instagram.com\/autolegendyuvas\/\",\"https:\/\/www.instagram.com\/motolegendyuvas\/\"]}]}<\/script>\n<!-- \/ Yoast SEO plugin. -->","yoast_head_json":{"title":"Speed Festival 2025 - Legendy U V\u00e1s","description":"Kochasz jazd\u0119 samochodem i chcesz sprawdzi\u0107 swoje umiej\u0119tno\u015bci na prawdziwym torze? Niezale\u017cnie od tego, czy je\u017adzisz sedanem, czy samochodem sportowym, musisz prze\u017cy\u0107 nasz trackday!","robots":{"index":"index","follow":"follow","max-snippet":"max-snippet:-1","max-image-preview":"max-image-preview:large","max-video-preview":"max-video-preview:-1"},"canonical":"https:\/\/www.legendyuvas.cz\/speed-festival-2025\/","og_locale":"pl_PL","og_type":"article","og_title":"Speed Festival 2025 - Legendy U V\u00e1s","og_description":"Kochasz jazd\u0119 samochodem i chcesz sprawdzi\u0107 swoje umiej\u0119tno\u015bci na prawdziwych limitach? Niezale\u017cnie od tego, czy je\u017adzisz sportowym sedanem, hatchbackiem czy samochodem sportowym, musisz prze\u017cy\u0107 nasz trackday! Nie wahaj si\u0119, przyjed\u017a, przesu\u0144 swoje granice i prze\u017cyj niezapomniany dzie\u0144.","og_url":"https:\/\/www.legendyuvas.cz\/speed-festival-2025\/","og_site_name":"Legendy U V\u00e1s","article_publisher":"https:\/\/www.facebook.com\/autolegendyuvas","article_modified_time":"2025-11-13T13:51:34+00:00","og_image":[{"url":"https:\/\/www.legendyuvas.cz\/wp-content\/uploads\/2023\/06\/C5D_7925-1-min-1024x683.jpg","type":"","width":"","height":""}],"twitter_card":"summary_large_image","twitter_misc":{"Szacowany czas czytania":"2 minuty"},"schema":{"@context":"https:\/\/schema.org","@graph":[{"@type":"WebPage","@id":"https:\/\/www.legendyuvas.cz\/speed-festival-2025\/","url":"https:\/\/www.legendyuvas.cz\/speed-festival-2025\/","name":"Speed Festival 2025 - Legendy U V\u00e1s","isPartOf":{"@id":"https:\/\/www.legendyuvas.cz\/#website"},"primaryImageOfPage":{"@id":"https:\/\/www.legendyuvas.cz\/speed-festival-2025\/#primaryimage"},"image":{"@id":"https:\/\/www.legendyuvas.cz\/speed-festival-2025\/#primaryimage"},"thumbnailUrl":"https:\/\/www.legendyuvas.cz\/wp-content\/uploads\/2023\/06\/C5D_7925-1-min-scaled.jpg","datePublished":"2025-07-14T12:36:58+00:00","dateModified":"2025-11-13T13:51:34+00:00","description":"Kochasz jazd\u0119 samochodem i chcesz sprawdzi\u0107 swoje umiej\u0119tno\u015bci na prawdziwym torze? Niezale\u017cnie od tego, czy je\u017adzisz sedanem, czy samochodem sportowym, musisz prze\u017cy\u0107 nasz trackday!","breadcrumb":{"@id":"https:\/\/www.legendyuvas.cz\/speed-festival-2025\/#breadcrumb"},"inLanguage":"pl-PL","potentialAction":[{"@type":"ReadAction","target":["https:\/\/www.legendyuvas.cz\/speed-festival-2025\/"]}]},{"@type":"ImageObject","inLanguage":"pl-PL","@id":"https:\/\/www.legendyuvas.cz\/speed-festival-2025\/#primaryimage","url":"https:\/\/www.legendyuvas.cz\/wp-content\/uploads\/2023\/06\/C5D_7925-1-min-scaled.jpg","contentUrl":"https:\/\/www.legendyuvas.cz\/wp-content\/uploads\/2023\/06\/C5D_7925-1-min-scaled.jpg","width":2560,"height":1707},{"@type":"BreadcrumbList","@id":"https:\/\/www.legendyuvas.cz\/speed-festival-2025\/#breadcrumb","itemListElement":[{"@type":"ListItem","position":1,"name":"Dom\u016f","item":"https:\/\/www.legendyuvas.cz\/"},{"@type":"ListItem","position":2,"name":"Speed Festival 2025"}]},{"@type":"WebSite","@id":"https:\/\/www.legendyuvas.cz\/#website","url":"https:\/\/www.legendyuvas.cz\/","name":"Legendy U V\u00e1s","description":"Dechberouc\u00ed z\u00e1\u017eitky v autech a motork\u00e1ch","publisher":{"@id":"https:\/\/www.legendyuvas.cz\/#organization"},"potentialAction":[{"@type":"SearchAction","target":{"@type":"EntryPoint","urlTemplate":"https:\/\/www.legendyuvas.cz\/?s={search_term_string}"},"query-input":{"@type":"PropertyValueSpecification","valueRequired":true,"valueName":"search_term_string"}}],"inLanguage":"pl-PL"},{"@type":"Organization","@id":"https:\/\/www.legendyuvas.cz\/#organization","name":"Bontex2 s.r.o.","url":"https:\/\/www.legendyuvas.cz\/","logo":{"@type":"ImageObject","inLanguage":"pl-PL","@id":"https:\/\/www.legendyuvas.cz\/#\/schema\/logo\/image\/","url":"https:\/\/www.legendyuvas.cz\/wp-content\/uploads\/2021\/03\/Legendy-u-Vas.jpg","contentUrl":"https:\/\/www.legendyuvas.cz\/wp-content\/uploads\/2021\/03\/Legendy-u-Vas.jpg","width":400,"height":240,"caption":"Bontex2 s.r.o."},"image":{"@id":"https:\/\/www.legendyuvas.cz\/#\/schema\/logo\/image\/"},"sameAs":["https:\/\/www.facebook.com\/autolegendyuvas","https:\/\/www.facebook.com\/motolegendyuvas","https:\/\/www.instagram.com\/autolegendyuvas\/","https:\/\/www.instagram.com\/motolegendyuvas\/"]}]}},"_links":{"self":[{"href":"https:\/\/www.legendyuvas.cz\/pl\/wp-json\/wp\/v2\/pages\/33807","targetHints":{"allow":["GET"]}}],"collection":[{"href":"https:\/\/www.legendyuvas.cz\/pl\/wp-json\/wp\/v2\/pages"}],"about":[{"href":"https:\/\/www.legendyuvas.cz\/pl\/wp-json\/wp\/v2\/types\/page"}],"author":[{"embeddable":true,"href":"https:\/\/www.legendyuvas.cz\/pl\/wp-json\/wp\/v2\/users\/3"}],"replies":[{"embeddable":true,"href":"https:\/\/www.legendyuvas.cz\/pl\/wp-json\/wp\/v2\/comments?post=33807"}],"version-history":[{"count":1,"href":"https:\/\/www.legendyuvas.cz\/pl\/wp-json\/wp\/v2\/pages\/33807\/revisions"}],"predecessor-version":[{"id":33808,"href":"https:\/\/www.legendyuvas.cz\/pl\/wp-json\/wp\/v2\/pages\/33807\/revisions\/33808"}],"wp:featuredmedia":[{"embeddable":true,"href":"https:\/\/www.legendyuvas.cz\/pl\/wp-json\/wp\/v2\/media\/20479"}],"wp:attachment":[{"href":"https:\/\/www.legendyuvas.cz\/pl\/wp-json\/wp\/v2\/media?parent=33807"}],"curies":[{"name":"wp","href":"https:\/\/api.w.org\/{rel}","templated":true}]}}