{"id":33803,"date":"2025-07-14T12:36:58","date_gmt":"2025-07-14T12:36:58","guid":{"rendered":"https:\/\/www.legendyuvas.cz\/speed-festival-2025\/"},"modified":"2025-11-13T13:48:49","modified_gmt":"2025-11-13T13:48:49","slug":"speed-festival-2025","status":"publish","type":"page","link":"https:\/\/www.legendyuvas.cz\/sk\/speed-festival-2025\/","title":{"rendered":"Speed festival 2025"},"content":{"rendered":"\t\t<div data-elementor-type=\"wp-page\" data-elementor-id=\"33803\" class=\"elementor elementor-33803 elementor-19793\" data-elementor-post-type=\"page\">\n\t\t\t\t\t\t<section class=\"elementor-section elementor-top-section elementor-element elementor-element-475dd13a elementor-section-height-min-height elementor-section-boxed elementor-section-height-default elementor-section-items-middle\" data-id=\"475dd13a\" data-element_type=\"section\" data-settings=\"{&quot;background_background&quot;:&quot;slideshow&quot;,&quot;background_slideshow_gallery&quot;:[{&quot;id&quot;:29401,&quot;url&quot;:&quot;https:\\\/\\\/www.legendyuvas.cz\\\/wp-content\\\/uploads\\\/2025\\\/08\\\/DCS02763-scaled.jpg&quot;}],&quot;background_slideshow_loop&quot;:&quot;yes&quot;,&quot;background_slideshow_slide_duration&quot;:5000,&quot;background_slideshow_slide_transition&quot;:&quot;fade&quot;,&quot;background_slideshow_transition_duration&quot;:500}\">\n\t\t\t\t\t\t\t<div class=\"elementor-background-overlay\"><\/div>\n\t\t\t\t\t\t\t<div class=\"elementor-container elementor-column-gap-default\">\n\t\t\t\t\t<div class=\"elementor-column elementor-col-100 elementor-top-column elementor-element elementor-element-675f6215\" data-id=\"675f6215\" data-element_type=\"column\">\n\t\t\t<div class=\"elementor-widget-wrap elementor-element-populated\">\n\t\t\t\t\t\t<div class=\"elementor-element elementor-element-77edfb4a elementor-widget elementor-widget-spacer\" data-id=\"77edfb4a\" data-element_type=\"widget\" data-widget_type=\"spacer.default\">\n\t\t\t\t<div class=\"elementor-widget-container\">\n\t\t\t\t\t\t\t<div class=\"elementor-spacer\">\n\t\t\t<div class=\"elementor-spacer-inner\"><\/div>\n\t\t<\/div>\n\t\t\t\t\t\t<\/div>\n\t\t\t\t<\/div>\n\t\t\t\t<div class=\"elementor-element elementor-element-7ce8a1b2 elementor-widget elementor-widget-heading\" data-id=\"7ce8a1b2\" data-element_type=\"widget\" data-widget_type=\"heading.default\">\n\t\t\t\t<div class=\"elementor-widget-container\">\n\t\t\t\t\t<h1 class=\"elementor-heading-title elementor-size-default\">SPEED FESTIVAL<\/h1>\t\t\t\t<\/div>\n\t\t\t\t<\/div>\n\t\t\t\t\t<\/div>\n\t\t<\/div>\n\t\t\t\t\t<\/div>\n\t\t<\/section>\n\t\t\t\t<section class=\"elementor-section elementor-top-section elementor-element elementor-element-72bef0b2 elementor-section-boxed elementor-section-height-default elementor-section-height-default\" data-id=\"72bef0b2\" data-element_type=\"section\">\n\t\t\t\t\t\t<div class=\"elementor-container elementor-column-gap-default\">\n\t\t\t\t\t<div class=\"elementor-column elementor-col-100 elementor-top-column elementor-element elementor-element-5dfeb77f\" data-id=\"5dfeb77f\" data-element_type=\"column\">\n\t\t\t<div class=\"elementor-widget-wrap elementor-element-populated\">\n\t\t\t\t\t\t<div class=\"elementor-element elementor-element-20757c5 elementor-headline--style-highlight elementor-widget elementor-widget-animated-headline\" data-id=\"20757c5\" data-element_type=\"widget\" data-settings=\"{&quot;marker&quot;:&quot;underline_zigzag&quot;,&quot;highlighted_text&quot;:&quot;v centre mesta \\u010cesk\\u00e1 L\\u00edpa&quot;,&quot;headline_style&quot;:&quot;highlight&quot;,&quot;highlight_animation_duration&quot;:1200}\" data-widget_type=\"animated-headline.default\">\n\t\t\t\t<div class=\"elementor-widget-container\">\n\t\t\t\t\t\t\t<h2 class=\"elementor-headline\">\n\t\t\t\t\t<span class=\"elementor-headline-plain-text elementor-headline-text-wrapper\">13. a 14. septembra 2025<\/span>\n\t\t\t\t<span class=\"elementor-headline-dynamic-wrapper elementor-headline-text-wrapper\">\n\t\t\t\t\t<span class=\"elementor-headline-dynamic-text elementor-headline-text-active\">v centre mesta \u010cesk\u00e1 L\u00edpa<\/span>\n\t\t\t\t<\/span>\n\t\t\t\t<\/h2>\n\t\t\t\t\t\t<\/div>\n\t\t\t\t<\/div>\n\t\t\t\t<section class=\"elementor-section elementor-inner-section elementor-element elementor-element-e632213 elementor-section-boxed elementor-section-height-default elementor-section-height-default\" data-id=\"e632213\" data-element_type=\"section\">\n\t\t\t\t\t\t<div class=\"elementor-container elementor-column-gap-default\">\n\t\t\t\t\t<div class=\"elementor-column elementor-col-100 elementor-inner-column elementor-element elementor-element-9c1c6a1\" data-id=\"9c1c6a1\" data-element_type=\"column\">\n\t\t\t<div class=\"elementor-widget-wrap elementor-element-populated\">\n\t\t\t\t\t\t<div class=\"elementor-element elementor-element-737d14d elementor-widget elementor-widget-text-editor\" data-id=\"737d14d\" data-element_type=\"widget\" data-widget_type=\"text-editor.default\">\n\t\t\t\t<div class=\"elementor-widget-container\">\n\t\t\t\t\t\t\t\t\t<p>Na Speed Festivale v\u00e1s \u010dak\u00e1 v\u00edkend pln\u00fd unik\u00e1tnych \u00e1ut, motoristick\u00e9ho \u0161portu, kult\u00fary a z\u00e1\u017eitkov pre cel\u00fa rodinu. Mesto o\u017eije r\u00fdchlos\u0165ou a umen\u00edm \u2013 te\u0161i\u0165 sa m\u00f4\u017eete na rally Memorial B. Enge stotiny sekundy, dobrodru\u017en\u00fa trasu Picnic race, no\u010dn\u00fa Grand Prix s v\u00fdstavou historick\u00fdch a modern\u00fdch vozidiel, v\u00fdstavu Speed Art, diskusie, automobilov\u00e9 kluby a v\u00fdstavy motocyklov a historick\u00fdch vlakov. T\u00e9mou tohtoro\u010dn\u00e9ho ro\u010dn\u00edka je FILM \u2013 pretek\u00e1rske trasy ved\u00fa cez zn\u00e1me filmov\u00e9 lokality v regi\u00f3ne \u010ceskolipsko, \u010d\u00edm sa festival st\u00e1va skuto\u010dn\u00fdm z\u00e1\u017eitkom sp\u00e1jaj\u00facim motoristick\u00fd \u0161port a kinematografiu.<\/p>\n\t\t\t\t\t\t\t\t<\/div>\n\t\t\t\t<\/div>\n\t\t\t\t\t<\/div>\n\t\t<\/div>\n\t\t\t\t\t<\/div>\n\t\t<\/section>\n\t\t\t\t<section class=\"elementor-section elementor-inner-section elementor-element elementor-element-cb36374 elementor-section-boxed elementor-section-height-default elementor-section-height-default\" data-id=\"cb36374\" data-element_type=\"section\">\n\t\t\t\t\t\t<div class=\"elementor-container elementor-column-gap-default\">\n\t\t\t\t\t<div class=\"elementor-column elementor-col-50 elementor-inner-column elementor-element elementor-element-a55b746\" data-id=\"a55b746\" data-element_type=\"column\">\n\t\t\t<div class=\"elementor-widget-wrap elementor-element-populated\">\n\t\t\t\t\t\t<div class=\"elementor-element elementor-element-90e0449 elementor-headline--style-highlight elementor-widget elementor-widget-animated-headline\" data-id=\"90e0449\" data-element_type=\"widget\" data-settings=\"{&quot;marker&quot;:&quot;underline&quot;,&quot;highlighted_text&quot;:&quot;\\u010co m\\u00f4\\u017eete od n\\u00e1s o\\u010dak\\u00e1va\\u0165?&quot;,&quot;headline_style&quot;:&quot;highlight&quot;,&quot;loop&quot;:&quot;yes&quot;,&quot;highlight_animation_duration&quot;:1200,&quot;highlight_iteration_delay&quot;:8000}\" data-widget_type=\"animated-headline.default\">\n\t\t\t\t<div class=\"elementor-widget-container\">\n\t\t\t\t\t\t\t<h3 class=\"elementor-headline\">\n\t\t\t\t<span class=\"elementor-headline-dynamic-wrapper elementor-headline-text-wrapper\">\n\t\t\t\t\t<span class=\"elementor-headline-dynamic-text elementor-headline-text-active\">\u010co m\u00f4\u017eete od n\u00e1s o\u010dak\u00e1va\u0165?<\/span>\n\t\t\t\t<\/span>\n\t\t\t\t<\/h3>\n\t\t\t\t\t\t<\/div>\n\t\t\t\t<\/div>\n\t\t\t\t<div class=\"elementor-element elementor-element-99c5ef1 elementor-widget elementor-widget-text-editor\" data-id=\"99c5ef1\" data-element_type=\"widget\" data-widget_type=\"text-editor.default\">\n\t\t\t\t<div class=\"elementor-widget-container\">\n\t\t\t\t\t\t\t\t\t<p>Na Speed Festivale v \u010ceskej L\u00edpe sa okrem bohat\u00e9ho programu m\u00f4\u017eete te\u0161i\u0165 aj na na\u0161e z\u00e1\u017eitkov\u00e9 jazdy po vidieckych cest\u00e1ch \u2013 za volantom Porsche 911 GT3 RS (991.1), Porsche 718 Cayman GT4 a BMW M2 G87. Pre milovn\u00edkov exkluz\u00edvnych super\u00e1ut budeme ma\u0165 na v\u00fdstave aj \u00fachvatn\u00e9 Lamborghini Hurac\u00e1n STO.<\/p>\n\t\t\t\t\t\t\t\t<\/div>\n\t\t\t\t<\/div>\n\t\t\t\t\t<\/div>\n\t\t<\/div>\n\t\t\t\t<div class=\"elementor-column elementor-col-50 elementor-inner-column elementor-element elementor-element-5ff24cf\" data-id=\"5ff24cf\" data-element_type=\"column\">\n\t\t\t<div class=\"elementor-widget-wrap elementor-element-populated\">\n\t\t\t\t\t\t<div class=\"elementor-element elementor-element-81d1fbd elementor-widget elementor-widget-image\" data-id=\"81d1fbd\" data-element_type=\"widget\" data-widget_type=\"image.default\">\n\t\t\t\t<div class=\"elementor-widget-container\">\n\t\t\t\t\t\t\t\t\t\t\t\t\t\t\t<img fetchpriority=\"high\" decoding=\"async\" width=\"800\" height=\"534\" src=\"https:\/\/www.legendyuvas.cz\/wp-content\/uploads\/2025\/08\/C5D_9991-1024x683.jpg\" class=\"attachment-large size-large wp-image-29410\" alt=\"\" srcset=\"https:\/\/www.legendyuvas.cz\/wp-content\/uploads\/2025\/08\/C5D_9991-1024x683.jpg 1024w, https:\/\/www.legendyuvas.cz\/wp-content\/uploads\/2025\/08\/C5D_9991-300x200.jpg 300w, https:\/\/www.legendyuvas.cz\/wp-content\/uploads\/2025\/08\/C5D_9991-768x512.jpg 768w, https:\/\/www.legendyuvas.cz\/wp-content\/uploads\/2025\/08\/C5D_9991-1536x1024.jpg 1536w, https:\/\/www.legendyuvas.cz\/wp-content\/uploads\/2025\/08\/C5D_9991-2048x1365.jpg 2048w, https:\/\/www.legendyuvas.cz\/wp-content\/uploads\/2025\/08\/C5D_9991-600x400.jpg 600w\" sizes=\"(max-width: 800px) 100vw, 800px\" \/>\t\t\t\t\t\t\t\t\t\t\t\t\t\t\t<\/div>\n\t\t\t\t<\/div>\n\t\t\t\t\t<\/div>\n\t\t<\/div>\n\t\t\t\t\t<\/div>\n\t\t<\/section>\n\t\t\t\t<div class=\"elementor-element elementor-element-333159f elementor-align-center elementor-widget elementor-widget-button\" data-id=\"333159f\" data-element_type=\"widget\" data-widget_type=\"button.default\">\n\t\t\t\t<div class=\"elementor-widget-container\">\n\t\t\t\t\t\t\t\t\t<div class=\"elementor-button-wrapper\">\n\t\t\t\t\t<a class=\"elementor-button elementor-button-link elementor-size-sm\" href=\"https:\/\/www.speedfestival.cz\/program-a-mapa\">\n\t\t\t\t\t\t<span class=\"elementor-button-content-wrapper\">\n\t\t\t\t\t\t\t\t\t<span class=\"elementor-button-text\">INFORM\u00c1CIE A PROGRAM FESTIVALU N\u00c1JDETE TU.<\/span>\n\t\t\t\t\t<\/span>\n\t\t\t\t\t<\/a>\n\t\t\t\t<\/div>\n\t\t\t\t\t\t\t\t<\/div>\n\t\t\t\t<\/div>\n\t\t\t\t<div class=\"elementor-element elementor-element-94b2dba elementor-widget elementor-widget-text-editor\" data-id=\"94b2dba\" data-element_type=\"widget\" data-widget_type=\"text-editor.default\">\n\t\t\t\t<div class=\"elementor-widget-container\">\n\t\t\t\t\t\t\t\t\t<h3 style=\"text-align: center;\">Zadajte k\u00f3d <strong>\u201elegendy\u201c<\/strong> a z\u00edskajte 10 % z\u013eavu na vstupenky, ktor\u00e9 n\u00e1jdete ni\u017e\u0161ie.<\/h3>\n\t\t\t\t\t\t\t\t<\/div>\n\t\t\t\t<\/div>\n\t\t\t\t<div class=\"elementor-element elementor-element-d315a6b elementor-align-center elementor-widget elementor-widget-button\" data-id=\"d315a6b\" data-element_type=\"widget\" data-widget_type=\"button.default\">\n\t\t\t\t<div class=\"elementor-widget-container\">\n\t\t\t\t\t\t\t\t\t<div class=\"elementor-button-wrapper\">\n\t\t\t\t\t<a class=\"elementor-button elementor-button-link elementor-size-sm\" href=\"https:\/\/tickets.nfctron.com\/event\/north-bohemia-classic-club-v-acr\/speed-festival-2025\">\n\t\t\t\t\t\t<span class=\"elementor-button-content-wrapper\">\n\t\t\t\t\t\t\t\t\t<span class=\"elementor-button-text\">VSTUPENKY TU<\/span>\n\t\t\t\t\t<\/span>\n\t\t\t\t\t<\/a>\n\t\t\t\t<\/div>\n\t\t\t\t\t\t\t\t<\/div>\n\t\t\t\t<\/div>\n\t\t\t\t<div class=\"elementor-element elementor-element-c21fe33 elementor-widget elementor-widget-text-editor\" data-id=\"c21fe33\" data-element_type=\"widget\" data-widget_type=\"text-editor.default\">\n\t\t\t\t<div class=\"elementor-widget-container\">\n\t\t\t\t\t\t\t\t\t<h4 style=\"text-align: center;\">T\u00fato udalos\u0165 si nem\u00f4\u017eete necha\u0165 ujs\u0165<\/h4>\n\t\t\t\t\t\t\t\t<\/div>\n\t\t\t\t<\/div>\n\t\t\t\t\t<\/div>\n\t\t<\/div>\n\t\t\t\t\t<\/div>\n\t\t<\/section>\n\t\t\t\t<section class=\"elementor-section elementor-top-section elementor-element elementor-element-f85b287 elementor-section-boxed elementor-section-height-default elementor-section-height-default\" data-id=\"f85b287\" data-element_type=\"section\">\n\t\t\t\t\t\t<div class=\"elementor-container elementor-column-gap-default\">\n\t\t\t\t\t<div class=\"elementor-column elementor-col-50 elementor-top-column elementor-element elementor-element-594310d3\" data-id=\"594310d3\" data-element_type=\"column\">\n\t\t\t<div class=\"elementor-widget-wrap elementor-element-populated\">\n\t\t\t\t\t\t<div class=\"elementor-element elementor-element-239326e elementor-widget elementor-widget-global elementor-global-36223 elementor-global-1184 elementor-widget-heading\" data-id=\"239326e\" data-element_type=\"widget\" data-widget_type=\"heading.default\">\n\t\t\t\t<div class=\"elementor-widget-container\">\n\t\t\t\t\t<h2 class=\"elementor-heading-title elementor-size-default\">N\u00c1\u0160 T\u00cdM<\/h2>\t\t\t\t<\/div>\n\t\t\t\t<\/div>\n\t\t\t\t<div class=\"elementor-element elementor-element-4d4c01d elementor-widget elementor-widget-global elementor-global-34336 elementor-global-1187 elementor-widget-text-editor\" data-id=\"4d4c01d\" data-element_type=\"widget\" data-widget_type=\"text-editor.default\">\n\t\t\t\t<div class=\"elementor-widget-container\">\n\t\t\t\t\t\t\t\t\t<p>\u201eV na\u0161om t\u00edme s\u00fa sk\u00fasen\u00ed jazdci, ktor\u00fdch sp\u00e1ja v\u00e1\u0161e\u0148 pre \u0161portov\u00e9 aut\u00e1 a motorky. Sp\u00e1ja n\u00e1s v\u0161ak viac ne\u017e len v\u00f4\u0148a benz\u00ednu a hukot motorov. Spolo\u010dne vytv\u00e1rame komunitu nad\u0161encov, ktor\u00ed chc\u00fa za\u017ei\u0165 to najlep\u0161ie, \u010do motoristick\u00fd svet pon\u00faka. \u010ci u\u017e ide o z\u00e1\u017eitkov\u00e9 jazdy, po\u017ei\u010dov\u0148u motocyklov, v\u00fdlety alebo trackdaye, spolo\u010dne vytv\u00e1rame nezabudnute\u013en\u00e9 z\u00e1\u017eitky. VIAC O N\u00c1S<\/p>\n\t\t\t\t\t\t\t\t<\/div>\n\t\t\t\t<\/div>\n\t\t\t\t<div class=\"elementor-element elementor-element-4c84c7d elementor-widget elementor-widget-global elementor-global-40348 elementor-global-1190 elementor-widget-image\" data-id=\"4c84c7d\" data-element_type=\"widget\" data-widget_type=\"image.default\">\n\t\t\t\t<div class=\"elementor-widget-container\">\n\t\t\t\t\t\t\t\t\t\t\t\t\t\t\t<img decoding=\"async\" width=\"768\" height=\"512\" src=\"https:\/\/www.legendyuvas.cz\/wp-content\/uploads\/2023\/06\/C5D_8399-768x512.jpg\" class=\"attachment-medium_large size-medium_large wp-image-20108\" alt=\"\" srcset=\"https:\/\/www.legendyuvas.cz\/wp-content\/uploads\/2023\/06\/C5D_8399-768x512.jpg 768w, https:\/\/www.legendyuvas.cz\/wp-content\/uploads\/2023\/06\/C5D_8399-scaled-600x400.jpg 600w, https:\/\/www.legendyuvas.cz\/wp-content\/uploads\/2023\/06\/C5D_8399-300x200.jpg 300w, https:\/\/www.legendyuvas.cz\/wp-content\/uploads\/2023\/06\/C5D_8399-1024x683.jpg 1024w, https:\/\/www.legendyuvas.cz\/wp-content\/uploads\/2023\/06\/C5D_8399-1536x1024.jpg 1536w, https:\/\/www.legendyuvas.cz\/wp-content\/uploads\/2023\/06\/C5D_8399-2048x1365.jpg 2048w\" sizes=\"(max-width: 768px) 100vw, 768px\" \/>\t\t\t\t\t\t\t\t\t\t\t\t\t\t\t<\/div>\n\t\t\t\t<\/div>\n\t\t\t\t\t<\/div>\n\t\t<\/div>\n\t\t\t\t<div class=\"elementor-column elementor-col-50 elementor-top-column elementor-element elementor-element-85b79ae\" data-id=\"85b79ae\" data-element_type=\"column\">\n\t\t\t<div class=\"elementor-widget-wrap elementor-element-populated\">\n\t\t\t\t\t\t<div class=\"elementor-element elementor-element-73f950e1 elementor-widget elementor-widget-spacer\" data-id=\"73f950e1\" data-element_type=\"widget\" data-widget_type=\"spacer.default\">\n\t\t\t\t<div class=\"elementor-widget-container\">\n\t\t\t\t\t\t\t<div class=\"elementor-spacer\">\n\t\t\t<div class=\"elementor-spacer-inner\"><\/div>\n\t\t<\/div>\n\t\t\t\t\t\t<\/div>\n\t\t\t\t<\/div>\n\t\t\t\t<div class=\"elementor-element elementor-element-d177ccb elementor-widget elementor-widget-heading\" data-id=\"d177ccb\" data-element_type=\"widget\" data-widget_type=\"heading.default\">\n\t\t\t\t<div class=\"elementor-widget-container\">\n\t\t\t\t\t<h3 class=\"elementor-heading-title elementor-size-default\">Potrebujete poradi\u0165?<\/h3>\t\t\t\t<\/div>\n\t\t\t\t<\/div>\n\t\t\t\t<section class=\"elementor-section elementor-inner-section elementor-element elementor-element-7891dbe5 elementor-section-boxed elementor-section-height-default elementor-section-height-default\" data-id=\"7891dbe5\" data-element_type=\"section\">\n\t\t\t\t\t\t<div class=\"elementor-container elementor-column-gap-default\">\n\t\t\t\t\t<div class=\"elementor-column elementor-col-50 elementor-inner-column elementor-element elementor-element-4edc2795\" data-id=\"4edc2795\" data-element_type=\"column\">\n\t\t\t<div class=\"elementor-widget-wrap elementor-element-populated\">\n\t\t\t\t\t\t<div class=\"elementor-element elementor-element-223727db elementor-widget elementor-widget-global elementor-global-40362 elementor-global-1507 elementor-widget-image\" data-id=\"223727db\" data-element_type=\"widget\" data-widget_type=\"image.default\">\n\t\t\t\t<div class=\"elementor-widget-container\">\n\t\t\t\t\t\t\t\t\t\t\t\t\t\t\t<img decoding=\"async\" width=\"300\" height=\"200\" src=\"https:\/\/www.legendyuvas.cz\/wp-content\/uploads\/2025\/11\/PFR67009-300x200.jpg\" class=\"attachment-medium size-medium wp-image-31688\" alt=\"\" srcset=\"https:\/\/www.legendyuvas.cz\/wp-content\/uploads\/2025\/11\/PFR67009-300x200.jpg 300w, https:\/\/www.legendyuvas.cz\/wp-content\/uploads\/2025\/11\/PFR67009-1024x683.jpg 1024w, https:\/\/www.legendyuvas.cz\/wp-content\/uploads\/2025\/11\/PFR67009-768x512.jpg 768w, https:\/\/www.legendyuvas.cz\/wp-content\/uploads\/2025\/11\/PFR67009-1536x1024.jpg 1536w, https:\/\/www.legendyuvas.cz\/wp-content\/uploads\/2025\/11\/PFR67009-2048x1365.jpg 2048w, https:\/\/www.legendyuvas.cz\/wp-content\/uploads\/2025\/11\/PFR67009-600x400.jpg 600w\" sizes=\"(max-width: 300px) 100vw, 300px\" \/>\t\t\t\t\t\t\t\t\t\t\t\t\t\t\t<\/div>\n\t\t\t\t<\/div>\n\t\t\t\t\t<\/div>\n\t\t<\/div>\n\t\t\t\t<div class=\"elementor-column elementor-col-50 elementor-inner-column elementor-element elementor-element-22812559\" data-id=\"22812559\" data-element_type=\"column\">\n\t\t\t<div class=\"elementor-widget-wrap elementor-element-populated\">\n\t\t\t\t\t\t<div class=\"elementor-element elementor-element-299b0d26 elementor-widget elementor-widget-global elementor-global-36140 elementor-global-1513 elementor-widget-heading\" data-id=\"299b0d26\" data-element_type=\"widget\" data-widget_type=\"heading.default\">\n\t\t\t\t<div class=\"elementor-widget-container\">\n\t\t\t\t\t<span class=\"elementor-heading-title elementor-size-default\">Ane\u017eka Z\u00e1vorkov\u00e1<\/span>\t\t\t\t<\/div>\n\t\t\t\t<\/div>\n\t\t\t\t<div class=\"elementor-element elementor-element-3afecbea elementor-widget elementor-widget-global elementor-global-36148 elementor-global-1516 elementor-widget-heading\" data-id=\"3afecbea\" data-element_type=\"widget\" data-widget_type=\"heading.default\">\n\t\t\t\t<div class=\"elementor-widget-container\">\n\t\t\t\t\t<span class=\"elementor-heading-title elementor-size-default\">z\u00e1\u017eitky za volantom<\/span>\t\t\t\t<\/div>\n\t\t\t\t<\/div>\n\t\t\t\t<div class=\"elementor-element elementor-element-2c48c366 elementor-position-left elementor-mobile-position-left need-help-icon-box elementor-view-default elementor-vertical-align-top elementor-widget elementor-widget-global elementor-global-36156 elementor-global-1519 elementor-widget-icon-box\" data-id=\"2c48c366\" data-element_type=\"widget\" data-widget_type=\"icon-box.default\">\n\t\t\t\t<div class=\"elementor-widget-container\">\n\t\t\t\t\t\t\t<div class=\"elementor-icon-box-wrapper\">\n\n\t\t\t\t\t\t<div class=\"elementor-icon-box-icon\">\n\t\t\t\t<a href=\"mailto:info@legendyuvas.cz\" class=\"elementor-icon\" tabindex=\"-1\" aria-label=\"info@legendyuvas.cz\">\n\t\t\t\t<i aria-hidden=\"true\" class=\"fas fa-envelope\"><\/i>\t\t\t\t<\/a>\n\t\t\t<\/div>\n\t\t\t\n\t\t\t\t\t\t<div class=\"elementor-icon-box-content\">\n\n\t\t\t\t\t\t\t\t\t<h3 class=\"elementor-icon-box-title\">\n\t\t\t\t\t\t<a href=\"mailto:info@legendyuvas.cz\" >\n\t\t\t\t\t\t\tinfo@legendyuvas.cz\t\t\t\t\t\t<\/a>\n\t\t\t\t\t<\/h3>\n\t\t\t\t\n\t\t\t\t\n\t\t\t<\/div>\n\t\t\t\n\t\t<\/div>\n\t\t\t\t\t\t<\/div>\n\t\t\t\t<\/div>\n\t\t\t\t<div class=\"elementor-element elementor-element-3143c5ef elementor-position-left elementor-mobile-position-left need-help-icon-box elementor-view-default elementor-vertical-align-top elementor-widget elementor-widget-global elementor-global-32336 elementor-global-1522 elementor-widget-icon-box\" data-id=\"3143c5ef\" data-element_type=\"widget\" data-widget_type=\"icon-box.default\">\n\t\t\t\t<div class=\"elementor-widget-container\">\n\t\t\t\t\t\t\t<div class=\"elementor-icon-box-wrapper\">\n\n\t\t\t\t\t\t<div class=\"elementor-icon-box-icon\">\n\t\t\t\t<a href=\"tel:+420602444244\" class=\"elementor-icon\" tabindex=\"-1\" aria-label=\"+420 602 444 244\">\n\t\t\t\t<i aria-hidden=\"true\" class=\"fas fa-phone-alt\"><\/i>\t\t\t\t<\/a>\n\t\t\t<\/div>\n\t\t\t\n\t\t\t\t\t\t<div class=\"elementor-icon-box-content\">\n\n\t\t\t\t\t\t\t\t\t<h3 class=\"elementor-icon-box-title\">\n\t\t\t\t\t\t<a href=\"tel:+420602444244\" >\n\t\t\t\t\t\t\t+420 602 444 244\t\t\t\t\t\t<\/a>\n\t\t\t\t\t<\/h3>\n\t\t\t\t\n\t\t\t\t\t\t\t\t\t<p class=\"elementor-icon-box-description\">\n\t\t\t\t\t\t(po-pia) 8:00 - 17:00\t\t\t\t\t<\/p>\n\t\t\t\t\n\t\t\t<\/div>\n\t\t\t\n\t\t<\/div>\n\t\t\t\t\t\t<\/div>\n\t\t\t\t<\/div>\n\t\t\t\t\t<\/div>\n\t\t<\/div>\n\t\t\t\t\t<\/div>\n\t\t<\/section>\n\t\t\t\t<section class=\"elementor-section elementor-inner-section elementor-element elementor-element-16d104a9 elementor-section-boxed elementor-section-height-default elementor-section-height-default\" data-id=\"16d104a9\" data-element_type=\"section\">\n\t\t\t\t\t\t<div class=\"elementor-container elementor-column-gap-default\">\n\t\t\t\t\t<div class=\"elementor-column elementor-col-50 elementor-inner-column elementor-element elementor-element-5061f155\" data-id=\"5061f155\" data-element_type=\"column\">\n\t\t\t<div class=\"elementor-widget-wrap elementor-element-populated\">\n\t\t\t\t\t\t<div class=\"elementor-element elementor-element-387e804c elementor-widget elementor-widget-global elementor-global-40371 elementor-global-1510 elementor-widget-image\" data-id=\"387e804c\" data-element_type=\"widget\" data-widget_type=\"image.default\">\n\t\t\t\t<div class=\"elementor-widget-container\">\n\t\t\t\t\t\t\t\t\t\t\t\t\t\t\t<img loading=\"lazy\" decoding=\"async\" width=\"300\" height=\"300\" src=\"https:\/\/www.legendyuvas.cz\/wp-content\/uploads\/2023\/08\/C5D_0395-01-01-1-300x300.jpeg\" class=\"attachment-medium size-medium wp-image-21488\" alt=\"\" srcset=\"https:\/\/www.legendyuvas.cz\/wp-content\/uploads\/2023\/08\/C5D_0395-01-01-1-300x300.jpeg 300w, https:\/\/www.legendyuvas.cz\/wp-content\/uploads\/2023\/08\/C5D_0395-01-01-1-1024x1022.jpeg 1024w, https:\/\/www.legendyuvas.cz\/wp-content\/uploads\/2023\/08\/C5D_0395-01-01-1-150x150.jpeg 150w, https:\/\/www.legendyuvas.cz\/wp-content\/uploads\/2023\/08\/C5D_0395-01-01-1-768x766.jpeg 768w, https:\/\/www.legendyuvas.cz\/wp-content\/uploads\/2023\/08\/C5D_0395-01-01-1-1536x1533.jpeg 1536w, https:\/\/www.legendyuvas.cz\/wp-content\/uploads\/2023\/08\/C5D_0395-01-01-1-2048x2044.jpeg 2048w, https:\/\/www.legendyuvas.cz\/wp-content\/uploads\/2023\/08\/C5D_0395-01-01-1-600x599.jpeg 600w, https:\/\/www.legendyuvas.cz\/wp-content\/uploads\/2023\/08\/C5D_0395-01-01-1-100x100.jpeg 100w\" sizes=\"(max-width: 300px) 100vw, 300px\" \/>\t\t\t\t\t\t\t\t\t\t\t\t\t\t\t<\/div>\n\t\t\t\t<\/div>\n\t\t\t\t\t<\/div>\n\t\t<\/div>\n\t\t\t\t<div class=\"elementor-column elementor-col-50 elementor-inner-column elementor-element elementor-element-724fd619\" data-id=\"724fd619\" data-element_type=\"column\">\n\t\t\t<div class=\"elementor-widget-wrap elementor-element-populated\">\n\t\t\t\t\t\t<div class=\"elementor-element elementor-element-b15853d elementor-widget elementor-widget-global elementor-global-32344 elementor-global-1525 elementor-widget-heading\" data-id=\"b15853d\" data-element_type=\"widget\" data-widget_type=\"heading.default\">\n\t\t\t\t<div class=\"elementor-widget-container\">\n\t\t\t\t\t<span class=\"elementor-heading-title elementor-size-default\">Ond\u0159ej Hrudka<\/span>\t\t\t\t<\/div>\n\t\t\t\t<\/div>\n\t\t\t\t<div class=\"elementor-element elementor-element-48371013 elementor-widget elementor-widget-global elementor-global-32352 elementor-global-1528 elementor-widget-heading\" data-id=\"48371013\" data-element_type=\"widget\" data-widget_type=\"heading.default\">\n\t\t\t\t<div class=\"elementor-widget-container\">\n\t\t\t\t\t<span class=\"elementor-heading-title elementor-size-default\">po\u017ei\u010dov\u0148a motocyklov<\/span>\t\t\t\t<\/div>\n\t\t\t\t<\/div>\n\t\t\t\t<div class=\"elementor-element elementor-element-78dacd89 elementor-position-left elementor-mobile-position-left need-help-icon-box elementor-view-default elementor-vertical-align-top elementor-widget elementor-widget-global elementor-global-32360 elementor-global-1531 elementor-widget-icon-box\" data-id=\"78dacd89\" data-element_type=\"widget\" data-widget_type=\"icon-box.default\">\n\t\t\t\t<div class=\"elementor-widget-container\">\n\t\t\t\t\t\t\t<div class=\"elementor-icon-box-wrapper\">\n\n\t\t\t\t\t\t<div class=\"elementor-icon-box-icon\">\n\t\t\t\t<a href=\"mailto:pujcovna@legendyuvas.cz\" class=\"elementor-icon\" tabindex=\"-1\" aria-label=\"pujcovna@legendyuvas.cz\">\n\t\t\t\t<i aria-hidden=\"true\" class=\"fas fa-envelope\"><\/i>\t\t\t\t<\/a>\n\t\t\t<\/div>\n\t\t\t\n\t\t\t\t\t\t<div class=\"elementor-icon-box-content\">\n\n\t\t\t\t\t\t\t\t\t<h3 class=\"elementor-icon-box-title\">\n\t\t\t\t\t\t<a href=\"mailto:pujcovna@legendyuvas.cz\" >\n\t\t\t\t\t\t\tpujcovna@legendyuvas.cz\t\t\t\t\t\t<\/a>\n\t\t\t\t\t<\/h3>\n\t\t\t\t\n\t\t\t\t\n\t\t\t<\/div>\n\t\t\t\n\t\t<\/div>\n\t\t\t\t\t\t<\/div>\n\t\t\t\t<\/div>\n\t\t\t\t<div class=\"elementor-element elementor-element-5e0bf095 elementor-position-left elementor-mobile-position-left need-help-icon-box elementor-view-default elementor-vertical-align-top elementor-widget elementor-widget-global elementor-global-32368 elementor-global-1534 elementor-widget-icon-box\" data-id=\"5e0bf095\" data-element_type=\"widget\" data-widget_type=\"icon-box.default\">\n\t\t\t\t<div class=\"elementor-widget-container\">\n\t\t\t\t\t\t\t<div class=\"elementor-icon-box-wrapper\">\n\n\t\t\t\t\t\t<div class=\"elementor-icon-box-icon\">\n\t\t\t\t<a href=\"tel:+420771285924\" class=\"elementor-icon\" tabindex=\"-1\" aria-label=\"+420 771 285 924\">\n\t\t\t\t<i aria-hidden=\"true\" class=\"fas fa-phone-alt\"><\/i>\t\t\t\t<\/a>\n\t\t\t<\/div>\n\t\t\t\n\t\t\t\t\t\t<div class=\"elementor-icon-box-content\">\n\n\t\t\t\t\t\t\t\t\t<h3 class=\"elementor-icon-box-title\">\n\t\t\t\t\t\t<a href=\"tel:+420771285924\" >\n\t\t\t\t\t\t\t+420 771 285 924\t\t\t\t\t\t<\/a>\n\t\t\t\t\t<\/h3>\n\t\t\t\t\n\t\t\t\t\t\t\t\t\t<p class=\"elementor-icon-box-description\">\n\t\t\t\t\t\t(po-pia) 8:00 - 17:00\t\t\t\t\t<\/p>\n\t\t\t\t\n\t\t\t<\/div>\n\t\t\t\n\t\t<\/div>\n\t\t\t\t\t\t<\/div>\n\t\t\t\t<\/div>\n\t\t\t\t\t<\/div>\n\t\t<\/div>\n\t\t\t\t\t<\/div>\n\t\t<\/section>\n\t\t\t\t\t<\/div>\n\t\t<\/div>\n\t\t\t\t\t<\/div>\n\t\t<\/section>\n\t\t\t\t<section class=\"elementor-section elementor-top-section elementor-element elementor-element-33d41cb4 elementor-hidden-desktop elementor-hidden-tablet elementor-hidden-mobile elementor-section-boxed elementor-section-height-default elementor-section-height-default\" data-id=\"33d41cb4\" data-element_type=\"section\">\n\t\t\t\t\t\t<div class=\"elementor-container elementor-column-gap-default\">\n\t\t\t\t\t<div class=\"elementor-column elementor-col-100 elementor-top-column elementor-element elementor-element-53993d3b\" data-id=\"53993d3b\" data-element_type=\"column\">\n\t\t\t<div class=\"elementor-widget-wrap elementor-element-populated\">\n\t\t\t\t\t\t<div class=\"elementor-element elementor-element-5ebcd36e elementor-widget elementor-widget-heading\" data-id=\"5ebcd36e\" data-element_type=\"widget\" data-widget_type=\"heading.default\">\n\t\t\t\t<div class=\"elementor-widget-container\">\n\t\t\t\t\t<h2 class=\"elementor-heading-title elementor-size-default\">AKTU\u00c1LNE NA BLOGU<\/h2>\t\t\t\t<\/div>\n\t\t\t\t<\/div>\n\t\t\t\t<div class=\"elementor-element elementor-element-dc51235 elementor-grid-4 elementor-grid-tablet-2 elementor-grid-mobile-1 elementor-posts--thumbnail-top elementor-card-shadow-yes elementor-posts__hover-gradient elementor-widget elementor-widget-global elementor-global-36235 elementor-global-1194 elementor-widget-posts\" data-id=\"dc51235\" data-element_type=\"widget\" data-settings=\"{&quot;cards_columns&quot;:&quot;4&quot;,&quot;cards_columns_tablet&quot;:&quot;2&quot;,&quot;cards_columns_mobile&quot;:&quot;1&quot;,&quot;cards_row_gap&quot;:{&quot;unit&quot;:&quot;px&quot;,&quot;size&quot;:35,&quot;sizes&quot;:[]},&quot;cards_row_gap_tablet&quot;:{&quot;unit&quot;:&quot;px&quot;,&quot;size&quot;:&quot;&quot;,&quot;sizes&quot;:[]},&quot;cards_row_gap_mobile&quot;:{&quot;unit&quot;:&quot;px&quot;,&quot;size&quot;:&quot;&quot;,&quot;sizes&quot;:[]}}\" data-widget_type=\"posts.cards\">\n\t\t\t\t<div class=\"elementor-widget-container\">\n\t\t\t\t\t\t\t<div class=\"elementor-posts-container elementor-posts elementor-posts--skin-cards elementor-grid\">\n\t\t\t\t<article class=\"elementor-post elementor-grid-item post-33070 post type-post status-publish format-standard has-post-thumbnail hentry category-uncategorized-sk tag-drift-sk tag-porsche-sk tag-porsche-911-sk tag-porsche-dakar-sk tag-porsche-gt3-sk tag-porsche-ice-experience-sk tag-porsche-ice-experience-2024-sk\">\n\t\t\t<div class=\"elementor-post__card\">\n\t\t\t\t<a class=\"elementor-post__thumbnail__link\" href=\"https:\/\/www.legendyuvas.cz\/sk\/blog\/splneny-sen\/\" tabindex=\"-1\" ><div class=\"elementor-post__thumbnail\"><img loading=\"lazy\" decoding=\"async\" width=\"300\" height=\"200\" src=\"https:\/\/www.legendyuvas.cz\/wp-content\/uploads\/2024\/03\/PorscheIceExperience_Impressions_W2_2800_HH-300x200.jpg\" class=\"attachment-medium size-medium wp-image-24572\" alt=\"\" srcset=\"https:\/\/www.legendyuvas.cz\/wp-content\/uploads\/2024\/03\/PorscheIceExperience_Impressions_W2_2800_HH-300x200.jpg 300w, https:\/\/www.legendyuvas.cz\/wp-content\/uploads\/2024\/03\/PorscheIceExperience_Impressions_W2_2800_HH-1024x683.jpg 1024w, https:\/\/www.legendyuvas.cz\/wp-content\/uploads\/2024\/03\/PorscheIceExperience_Impressions_W2_2800_HH-768x512.jpg 768w, https:\/\/www.legendyuvas.cz\/wp-content\/uploads\/2024\/03\/PorscheIceExperience_Impressions_W2_2800_HH-1536x1025.jpg 1536w, https:\/\/www.legendyuvas.cz\/wp-content\/uploads\/2024\/03\/PorscheIceExperience_Impressions_W2_2800_HH-600x400.jpg 600w, https:\/\/www.legendyuvas.cz\/wp-content\/uploads\/2024\/03\/PorscheIceExperience_Impressions_W2_2800_HH.jpg 2048w\" sizes=\"(max-width: 300px) 100vw, 300px\" \/><\/div><\/a>\n\t\t\t\t<div class=\"elementor-post__text\">\n\t\t\t\t<h3 class=\"elementor-post__title\">\n\t\t\t<a href=\"https:\/\/www.legendyuvas.cz\/sk\/blog\/splneny-sen\/\" >\n\t\t\t\tSplnen\u00fd sen\t\t\t<\/a>\n\t\t<\/h3>\n\t\t\t\t<div class=\"elementor-post__excerpt\">\n\t\t\t<p>Ned\u00e1vno sme mali t\u00fa \u010des\u0165 z\u00fa\u010dastni\u0165 sa jedine\u010dn\u00e9ho z\u00e1\u017eitku &#8211; Porsche Ice Experience 2024 v<\/p>\n\t\t<\/div>\n\t\t\n\t\t<a class=\"elementor-post__read-more\" href=\"https:\/\/www.legendyuvas.cz\/sk\/blog\/splneny-sen\/\" aria-label=\"Read more about Splnen\u00fd sen\" tabindex=\"-1\" >\n\t\t\t\u010c\u00edta\u0165 viac \u00bb\t\t<\/a>\n\n\t\t\t\t<\/div>\n\t\t\t\t<div class=\"elementor-post__meta-data\">\n\t\t\t\t\t<span class=\"elementor-post-date\">\n\t\t\t11 marca, 2024\t\t<\/span>\n\t\t\t\t<\/div>\n\t\t\t\t\t<\/div>\n\t\t<\/article>\n\t\t\t\t<article class=\"elementor-post elementor-grid-item post-33075 post type-post status-publish format-standard has-post-thumbnail hentry category-uncategorized-sk tag-bmw-sk tag-bmwm-sk tag-bmwm3csl-sk tag-bmwm4csl-sk tag-dailydriver-sk tag-praguecarfestival-sk\">\n\t\t\t<div class=\"elementor-post__card\">\n\t\t\t\t<a class=\"elementor-post__thumbnail__link\" href=\"https:\/\/www.legendyuvas.cz\/sk\/blog\/prague-car-festival-2023\/\" tabindex=\"-1\" ><div class=\"elementor-post__thumbnail\"><img loading=\"lazy\" decoding=\"async\" width=\"300\" height=\"200\" src=\"https:\/\/www.legendyuvas.cz\/wp-content\/uploads\/2023\/11\/445A9500-300x200.jpg\" class=\"attachment-medium size-medium wp-image-23376\" alt=\"\" srcset=\"https:\/\/www.legendyuvas.cz\/wp-content\/uploads\/2023\/11\/445A9500-300x200.jpg 300w, https:\/\/www.legendyuvas.cz\/wp-content\/uploads\/2023\/11\/445A9500-1024x683.jpg 1024w, https:\/\/www.legendyuvas.cz\/wp-content\/uploads\/2023\/11\/445A9500-768x512.jpg 768w, https:\/\/www.legendyuvas.cz\/wp-content\/uploads\/2023\/11\/445A9500-1536x1024.jpg 1536w, https:\/\/www.legendyuvas.cz\/wp-content\/uploads\/2023\/11\/445A9500-600x400.jpg 600w, https:\/\/www.legendyuvas.cz\/wp-content\/uploads\/2023\/11\/445A9500.jpg 2048w\" sizes=\"(max-width: 300px) 100vw, 300px\" \/><\/div><\/a>\n\t\t\t\t<div class=\"elementor-post__text\">\n\t\t\t\t<h3 class=\"elementor-post__title\">\n\t\t\t<a href=\"https:\/\/www.legendyuvas.cz\/sk\/blog\/prague-car-festival-2023\/\" >\n\t\t\t\tPrague Car Festival 2023\t\t\t<\/a>\n\t\t<\/h3>\n\t\t\t\t<div class=\"elementor-post__excerpt\">\n\t\t\t<p>Minul\u00fd v\u00edkend sa v pra\u017esk\u00fdch Let\u0148anoch konalo ob\u013e\u00faben\u00e9 automobilov\u00e9 podujatie Prague Car Festival. V spolupr\u00e1ci<\/p>\n\t\t<\/div>\n\t\t\n\t\t<a class=\"elementor-post__read-more\" href=\"https:\/\/www.legendyuvas.cz\/sk\/blog\/prague-car-festival-2023\/\" aria-label=\"Read more about Prague Car Festival 2023\" tabindex=\"-1\" >\n\t\t\t\u010c\u00edta\u0165 viac \u00bb\t\t<\/a>\n\n\t\t\t\t<\/div>\n\t\t\t\t<div class=\"elementor-post__meta-data\">\n\t\t\t\t\t<span class=\"elementor-post-date\">\n\t\t\t7 novembra, 2023\t\t<\/span>\n\t\t\t\t<\/div>\n\t\t\t\t\t<\/div>\n\t\t<\/article>\n\t\t\t\t<article class=\"elementor-post elementor-grid-item post-33029 post type-post status-publish format-standard has-post-thumbnail hentry category-uncategorized-sk tag-autodrommost-sk tag-most-sk tag-mostclassic-sk tag-toyotagr86-sk\">\n\t\t\t<div class=\"elementor-post__card\">\n\t\t\t\t<a class=\"elementor-post__thumbnail__link\" href=\"https:\/\/www.legendyuvas.cz\/sk\/blog\/spat-v-case-s-gr86\/\" tabindex=\"-1\" ><div class=\"elementor-post__thumbnail\"><img loading=\"lazy\" decoding=\"async\" width=\"300\" height=\"200\" src=\"https:\/\/www.legendyuvas.cz\/wp-content\/uploads\/2023\/09\/IMG_8930-01-300x200.jpeg\" class=\"attachment-medium size-medium wp-image-23200\" alt=\"\" srcset=\"https:\/\/www.legendyuvas.cz\/wp-content\/uploads\/2023\/09\/IMG_8930-01-300x200.jpeg 300w, https:\/\/www.legendyuvas.cz\/wp-content\/uploads\/2023\/09\/IMG_8930-01-1024x683.jpeg 1024w, https:\/\/www.legendyuvas.cz\/wp-content\/uploads\/2023\/09\/IMG_8930-01-768x512.jpeg 768w, https:\/\/www.legendyuvas.cz\/wp-content\/uploads\/2023\/09\/IMG_8930-01-1536x1024.jpeg 1536w, https:\/\/www.legendyuvas.cz\/wp-content\/uploads\/2023\/09\/IMG_8930-01-2048x1365.jpeg 2048w, https:\/\/www.legendyuvas.cz\/wp-content\/uploads\/2023\/09\/IMG_8930-01-600x400.jpeg 600w\" sizes=\"(max-width: 300px) 100vw, 300px\" \/><\/div><\/a>\n\t\t\t\t<div class=\"elementor-post__text\">\n\t\t\t\t<h3 class=\"elementor-post__title\">\n\t\t\t<a href=\"https:\/\/www.legendyuvas.cz\/sk\/blog\/spat-v-case-s-gr86\/\" >\n\t\t\t\tSp\u00e4\u0165 v \u010dase s GR86\t\t\t<\/a>\n\t\t<\/h3>\n\t\t\t\t<div class=\"elementor-post__excerpt\">\n\t\t\t<p>Na\u0161a ned\u00e1vna n\u00e1v\u0161teva podujatia &#8222;Most Classic&#8220;, ktor\u00e9 organizuje Corners.cz v spolupr\u00e1ci s Autodromom Most, sa<\/p>\n\t\t<\/div>\n\t\t\n\t\t<a class=\"elementor-post__read-more\" href=\"https:\/\/www.legendyuvas.cz\/sk\/blog\/spat-v-case-s-gr86\/\" aria-label=\"Read more about Sp\u00e4\u0165 v \u010dase s GR86\" tabindex=\"-1\" >\n\t\t\t\u010c\u00edta\u0165 viac \u00bb\t\t<\/a>\n\n\t\t\t\t<\/div>\n\t\t\t\t<div class=\"elementor-post__meta-data\">\n\t\t\t\t\t<span class=\"elementor-post-date\">\n\t\t\t12 septembra, 2023\t\t<\/span>\n\t\t\t\t<\/div>\n\t\t\t\t\t<\/div>\n\t\t<\/article>\n\t\t\t\t<article class=\"elementor-post elementor-grid-item post-33021 post type-post status-publish format-standard has-post-thumbnail hentry category-uncategorized-sk tag-ferrari-sk tag-masarykracingdays-sk tag-okruhbrno-sk tag-toyotagr86-sk\">\n\t\t\t<div class=\"elementor-post__card\">\n\t\t\t\t<a class=\"elementor-post__thumbnail__link\" href=\"https:\/\/www.legendyuvas.cz\/sk\/blog\/masaryk-racing-days-2023\/\" tabindex=\"-1\" ><div class=\"elementor-post__thumbnail\"><img loading=\"lazy\" decoding=\"async\" width=\"300\" height=\"200\" src=\"https:\/\/www.legendyuvas.cz\/wp-content\/uploads\/2023\/09\/IMG_9078-01-300x200.jpeg\" class=\"attachment-medium size-medium wp-image-22936\" alt=\"\" srcset=\"https:\/\/www.legendyuvas.cz\/wp-content\/uploads\/2023\/09\/IMG_9078-01-300x200.jpeg 300w, https:\/\/www.legendyuvas.cz\/wp-content\/uploads\/2023\/09\/IMG_9078-01-1024x683.jpeg 1024w, https:\/\/www.legendyuvas.cz\/wp-content\/uploads\/2023\/09\/IMG_9078-01-768x512.jpeg 768w, https:\/\/www.legendyuvas.cz\/wp-content\/uploads\/2023\/09\/IMG_9078-01-1536x1024.jpeg 1536w, https:\/\/www.legendyuvas.cz\/wp-content\/uploads\/2023\/09\/IMG_9078-01-2048x1365.jpeg 2048w, https:\/\/www.legendyuvas.cz\/wp-content\/uploads\/2023\/09\/IMG_9078-01-600x400.jpeg 600w\" sizes=\"(max-width: 300px) 100vw, 300px\" \/><\/div><\/a>\n\t\t\t\t<div class=\"elementor-post__text\">\n\t\t\t\t<h3 class=\"elementor-post__title\">\n\t\t\t<a href=\"https:\/\/www.legendyuvas.cz\/sk\/blog\/masaryk-racing-days-2023\/\" >\n\t\t\t\tMasaryk Racing Days 2023\t\t\t<\/a>\n\t\t<\/h3>\n\t\t\t\t<div class=\"elementor-post__excerpt\">\n\t\t\t<p>Automobilov\u00fd okruh v Brne sa tento rok stal dejiskom nezabudnute\u013en\u00e9ho v\u00edkendu pre milovn\u00edkov r\u00fdchlosti, adrenal\u00ednu<\/p>\n\t\t<\/div>\n\t\t\n\t\t<a class=\"elementor-post__read-more\" href=\"https:\/\/www.legendyuvas.cz\/sk\/blog\/masaryk-racing-days-2023\/\" aria-label=\"Read more about Masaryk Racing Days 2023\" tabindex=\"-1\" >\n\t\t\t\u010c\u00edta\u0165 viac \u00bb\t\t<\/a>\n\n\t\t\t\t<\/div>\n\t\t\t\t<div class=\"elementor-post__meta-data\">\n\t\t\t\t\t<span class=\"elementor-post-date\">\n\t\t\t12 septembra, 2023\t\t<\/span>\n\t\t\t\t<\/div>\n\t\t\t\t\t<\/div>\n\t\t<\/article>\n\t\t\t\t<\/div>\n\t\t\n\t\t\t\t\t\t<\/div>\n\t\t\t\t<\/div>\n\t\t\t\t\t<\/div>\n\t\t<\/div>\n\t\t\t\t\t<\/div>\n\t\t<\/section>\n\t\t\t\t<\/div>\n\t\t","protected":false},"excerpt":{"rendered":"<p>SPEED FESTIVAL 13. a 14. septembra 2025 v centre mesta \u010cesk\u00e1 L\u00edpa Na Speed Festivale v\u00e1s \u010dak\u00e1 v\u00edkend pln\u00fd unik\u00e1tnych \u00e1ut, motoristick\u00e9ho \u0161portu, kult\u00fary a z\u00e1\u017eitkov pre cel\u00fa rodinu. Mesto o\u017eije r\u00fdchlos\u0165ou a umen\u00edm \u2013 te\u0161i\u0165 sa m\u00f4\u017eete na rally Memorial B. Enge stotiny sekundy, dobrodru\u017en\u00fa trasu Picnic race, no\u010dn\u00fa Grand Prix s v\u00fdstavou historick\u00fdch [&hellip;]<\/p>\n","protected":false},"author":3,"featured_media":20480,"parent":0,"menu_order":0,"comment_status":"closed","ping_status":"closed","template":"elementor_header_footer","meta":{"footnotes":""},"class_list":["post-33803","page","type-page","status-publish","has-post-thumbnail","hentry"],"yoast_head":"<!-- This site is optimized with the Yoast SEO plugin v24.8.1 - https:\/\/yoast.com\/wordpress\/plugins\/seo\/ -->\n<title>Speed festival 2025 - Legendy U V\u00e1s<\/title>\n<meta name=\"description\" content=\"Milujete \u0161of\u00e9rovanie a chcete otestova\u0165 svoje zru\u010dnosti na hranici mo\u017enost\u00ed? \u010ci u\u017e jazd\u00edte na sedane alebo \u0161portiaku, mus\u00edte za\u017ei\u0165 n\u00e1\u0161 TRACKDAY!\" \/>\n<meta name=\"robots\" content=\"index, follow, max-snippet:-1, max-image-preview:large, max-video-preview:-1\" \/>\n<link rel=\"canonical\" href=\"https:\/\/www.legendyuvas.cz\/speed-festival-2025\/\" \/>\n<meta property=\"og:locale\" content=\"sk_SK\" \/>\n<meta property=\"og:type\" content=\"article\" \/>\n<meta property=\"og:title\" content=\"Speed festival 2025 - Legendy U V\u00e1s\" \/>\n<meta property=\"og:description\" content=\"Milujete \u0161of\u00e9rovanie a chcete otestova\u0165 svoje zru\u010dnosti na hranici mo\u017enost\u00ed? \u010ci u\u017e jazd\u00edte v \u0161portovom sedane, hatchbacku alebo m\u00e1te \u0161portiak, mus\u00edte pr\u00eds\u0165 na TRACKDAY! Pr\u00ed\u010fte svoje schopnosti preveri\u0165 naplno a za\u017ei\u0165 skuto\u010dn\u00e9 adrenal\u00ednov\u00e9 momenty!\" \/>\n<meta property=\"og:url\" content=\"https:\/\/www.legendyuvas.cz\/speed-festival-2025\/\" \/>\n<meta property=\"og:site_name\" content=\"Legendy U V\u00e1s\" \/>\n<meta property=\"article:publisher\" content=\"https:\/\/www.facebook.com\/autolegendyuvas\" \/>\n<meta property=\"article:modified_time\" content=\"2025-11-13T13:48:49+00:00\" \/>\n<meta property=\"og:image\" content=\"https:\/\/www.legendyuvas.cz\/wp-content\/uploads\/2023\/06\/C5D_7925-1-min-1024x683.jpg\" \/>\n<meta name=\"twitter:card\" content=\"summary_large_image\" \/>\n<meta name=\"twitter:label1\" content=\"Predpokladan\u00fd \u010das \u010d\u00edtania\" \/>\n\t<meta name=\"twitter:data1\" content=\"2 min\u00faty\" \/>\n<script type=\"application\/ld+json\" class=\"yoast-schema-graph\">{\"@context\":\"https:\/\/schema.org\",\"@graph\":[{\"@type\":\"WebPage\",\"@id\":\"https:\/\/www.legendyuvas.cz\/speed-festival-2025\/\",\"url\":\"https:\/\/www.legendyuvas.cz\/speed-festival-2025\/\",\"name\":\"Speed festival 2025 - Legendy U V\u00e1s\",\"isPartOf\":{\"@id\":\"https:\/\/www.legendyuvas.cz\/#website\"},\"primaryImageOfPage\":{\"@id\":\"https:\/\/www.legendyuvas.cz\/speed-festival-2025\/#primaryimage\"},\"image\":{\"@id\":\"https:\/\/www.legendyuvas.cz\/speed-festival-2025\/#primaryimage\"},\"thumbnailUrl\":\"https:\/\/www.legendyuvas.cz\/wp-content\/uploads\/2023\/06\/C5D_7925-1-min-scaled.jpg\",\"datePublished\":\"2025-07-14T12:36:58+00:00\",\"dateModified\":\"2025-11-13T13:48:49+00:00\",\"description\":\"Milujete \u0161of\u00e9rovanie a chcete otestova\u0165 svoje zru\u010dnosti na hranici mo\u017enost\u00ed? \u010ci u\u017e jazd\u00edte na sedane alebo \u0161portiaku, mus\u00edte za\u017ei\u0165 n\u00e1\u0161 TRACKDAY!\",\"breadcrumb\":{\"@id\":\"https:\/\/www.legendyuvas.cz\/speed-festival-2025\/#breadcrumb\"},\"inLanguage\":\"sk-SK\",\"potentialAction\":[{\"@type\":\"ReadAction\",\"target\":[\"https:\/\/www.legendyuvas.cz\/speed-festival-2025\/\"]}]},{\"@type\":\"ImageObject\",\"inLanguage\":\"sk-SK\",\"@id\":\"https:\/\/www.legendyuvas.cz\/speed-festival-2025\/#primaryimage\",\"url\":\"https:\/\/www.legendyuvas.cz\/wp-content\/uploads\/2023\/06\/C5D_7925-1-min-scaled.jpg\",\"contentUrl\":\"https:\/\/www.legendyuvas.cz\/wp-content\/uploads\/2023\/06\/C5D_7925-1-min-scaled.jpg\",\"width\":2560,\"height\":1707},{\"@type\":\"BreadcrumbList\",\"@id\":\"https:\/\/www.legendyuvas.cz\/speed-festival-2025\/#breadcrumb\",\"itemListElement\":[{\"@type\":\"ListItem\",\"position\":1,\"name\":\"Dom\u016f\",\"item\":\"https:\/\/www.legendyuvas.cz\/\"},{\"@type\":\"ListItem\",\"position\":2,\"name\":\"Speed festival 2025\"}]},{\"@type\":\"WebSite\",\"@id\":\"https:\/\/www.legendyuvas.cz\/#website\",\"url\":\"https:\/\/www.legendyuvas.cz\/\",\"name\":\"Legendy U V\u00e1s\",\"description\":\"Dechberouc\u00ed z\u00e1\u017eitky v autech a motork\u00e1ch\",\"publisher\":{\"@id\":\"https:\/\/www.legendyuvas.cz\/#organization\"},\"potentialAction\":[{\"@type\":\"SearchAction\",\"target\":{\"@type\":\"EntryPoint\",\"urlTemplate\":\"https:\/\/www.legendyuvas.cz\/?s={search_term_string}\"},\"query-input\":{\"@type\":\"PropertyValueSpecification\",\"valueRequired\":true,\"valueName\":\"search_term_string\"}}],\"inLanguage\":\"sk-SK\"},{\"@type\":\"Organization\",\"@id\":\"https:\/\/www.legendyuvas.cz\/#organization\",\"name\":\"Bontex2 s.r.o.\",\"url\":\"https:\/\/www.legendyuvas.cz\/\",\"logo\":{\"@type\":\"ImageObject\",\"inLanguage\":\"sk-SK\",\"@id\":\"https:\/\/www.legendyuvas.cz\/#\/schema\/logo\/image\/\",\"url\":\"https:\/\/www.legendyuvas.cz\/wp-content\/uploads\/2021\/03\/Legendy-u-Vas.jpg\",\"contentUrl\":\"https:\/\/www.legendyuvas.cz\/wp-content\/uploads\/2021\/03\/Legendy-u-Vas.jpg\",\"width\":400,\"height\":240,\"caption\":\"Bontex2 s.r.o.\"},\"image\":{\"@id\":\"https:\/\/www.legendyuvas.cz\/#\/schema\/logo\/image\/\"},\"sameAs\":[\"https:\/\/www.facebook.com\/autolegendyuvas\",\"https:\/\/www.facebook.com\/motolegendyuvas\",\"https:\/\/www.instagram.com\/autolegendyuvas\/\",\"https:\/\/www.instagram.com\/motolegendyuvas\/\"]}]}<\/script>\n<!-- \/ Yoast SEO plugin. -->","yoast_head_json":{"title":"Speed festival 2025 - Legendy U V\u00e1s","description":"Milujete \u0161of\u00e9rovanie a chcete otestova\u0165 svoje zru\u010dnosti na hranici mo\u017enost\u00ed? \u010ci u\u017e jazd\u00edte na sedane alebo \u0161portiaku, mus\u00edte za\u017ei\u0165 n\u00e1\u0161 TRACKDAY!","robots":{"index":"index","follow":"follow","max-snippet":"max-snippet:-1","max-image-preview":"max-image-preview:large","max-video-preview":"max-video-preview:-1"},"canonical":"https:\/\/www.legendyuvas.cz\/speed-festival-2025\/","og_locale":"sk_SK","og_type":"article","og_title":"Speed festival 2025 - Legendy U V\u00e1s","og_description":"Milujete \u0161of\u00e9rovanie a chcete otestova\u0165 svoje zru\u010dnosti na hranici mo\u017enost\u00ed? \u010ci u\u017e jazd\u00edte v \u0161portovom sedane, hatchbacku alebo m\u00e1te \u0161portiak, mus\u00edte pr\u00eds\u0165 na TRACKDAY! Pr\u00ed\u010fte svoje schopnosti preveri\u0165 naplno a za\u017ei\u0165 skuto\u010dn\u00e9 adrenal\u00ednov\u00e9 momenty!","og_url":"https:\/\/www.legendyuvas.cz\/speed-festival-2025\/","og_site_name":"Legendy U V\u00e1s","article_publisher":"https:\/\/www.facebook.com\/autolegendyuvas","article_modified_time":"2025-11-13T13:48:49+00:00","og_image":[{"url":"https:\/\/www.legendyuvas.cz\/wp-content\/uploads\/2023\/06\/C5D_7925-1-min-1024x683.jpg","type":"","width":"","height":""}],"twitter_card":"summary_large_image","twitter_misc":{"Predpokladan\u00fd \u010das \u010d\u00edtania":"2 min\u00faty"},"schema":{"@context":"https:\/\/schema.org","@graph":[{"@type":"WebPage","@id":"https:\/\/www.legendyuvas.cz\/speed-festival-2025\/","url":"https:\/\/www.legendyuvas.cz\/speed-festival-2025\/","name":"Speed festival 2025 - Legendy U V\u00e1s","isPartOf":{"@id":"https:\/\/www.legendyuvas.cz\/#website"},"primaryImageOfPage":{"@id":"https:\/\/www.legendyuvas.cz\/speed-festival-2025\/#primaryimage"},"image":{"@id":"https:\/\/www.legendyuvas.cz\/speed-festival-2025\/#primaryimage"},"thumbnailUrl":"https:\/\/www.legendyuvas.cz\/wp-content\/uploads\/2023\/06\/C5D_7925-1-min-scaled.jpg","datePublished":"2025-07-14T12:36:58+00:00","dateModified":"2025-11-13T13:48:49+00:00","description":"Milujete \u0161of\u00e9rovanie a chcete otestova\u0165 svoje zru\u010dnosti na hranici mo\u017enost\u00ed? \u010ci u\u017e jazd\u00edte na sedane alebo \u0161portiaku, mus\u00edte za\u017ei\u0165 n\u00e1\u0161 TRACKDAY!","breadcrumb":{"@id":"https:\/\/www.legendyuvas.cz\/speed-festival-2025\/#breadcrumb"},"inLanguage":"sk-SK","potentialAction":[{"@type":"ReadAction","target":["https:\/\/www.legendyuvas.cz\/speed-festival-2025\/"]}]},{"@type":"ImageObject","inLanguage":"sk-SK","@id":"https:\/\/www.legendyuvas.cz\/speed-festival-2025\/#primaryimage","url":"https:\/\/www.legendyuvas.cz\/wp-content\/uploads\/2023\/06\/C5D_7925-1-min-scaled.jpg","contentUrl":"https:\/\/www.legendyuvas.cz\/wp-content\/uploads\/2023\/06\/C5D_7925-1-min-scaled.jpg","width":2560,"height":1707},{"@type":"BreadcrumbList","@id":"https:\/\/www.legendyuvas.cz\/speed-festival-2025\/#breadcrumb","itemListElement":[{"@type":"ListItem","position":1,"name":"Dom\u016f","item":"https:\/\/www.legendyuvas.cz\/"},{"@type":"ListItem","position":2,"name":"Speed festival 2025"}]},{"@type":"WebSite","@id":"https:\/\/www.legendyuvas.cz\/#website","url":"https:\/\/www.legendyuvas.cz\/","name":"Legendy U V\u00e1s","description":"Dechberouc\u00ed z\u00e1\u017eitky v autech a motork\u00e1ch","publisher":{"@id":"https:\/\/www.legendyuvas.cz\/#organization"},"potentialAction":[{"@type":"SearchAction","target":{"@type":"EntryPoint","urlTemplate":"https:\/\/www.legendyuvas.cz\/?s={search_term_string}"},"query-input":{"@type":"PropertyValueSpecification","valueRequired":true,"valueName":"search_term_string"}}],"inLanguage":"sk-SK"},{"@type":"Organization","@id":"https:\/\/www.legendyuvas.cz\/#organization","name":"Bontex2 s.r.o.","url":"https:\/\/www.legendyuvas.cz\/","logo":{"@type":"ImageObject","inLanguage":"sk-SK","@id":"https:\/\/www.legendyuvas.cz\/#\/schema\/logo\/image\/","url":"https:\/\/www.legendyuvas.cz\/wp-content\/uploads\/2021\/03\/Legendy-u-Vas.jpg","contentUrl":"https:\/\/www.legendyuvas.cz\/wp-content\/uploads\/2021\/03\/Legendy-u-Vas.jpg","width":400,"height":240,"caption":"Bontex2 s.r.o."},"image":{"@id":"https:\/\/www.legendyuvas.cz\/#\/schema\/logo\/image\/"},"sameAs":["https:\/\/www.facebook.com\/autolegendyuvas","https:\/\/www.facebook.com\/motolegendyuvas","https:\/\/www.instagram.com\/autolegendyuvas\/","https:\/\/www.instagram.com\/motolegendyuvas\/"]}]}},"_links":{"self":[{"href":"https:\/\/www.legendyuvas.cz\/sk\/wp-json\/wp\/v2\/pages\/33803","targetHints":{"allow":["GET"]}}],"collection":[{"href":"https:\/\/www.legendyuvas.cz\/sk\/wp-json\/wp\/v2\/pages"}],"about":[{"href":"https:\/\/www.legendyuvas.cz\/sk\/wp-json\/wp\/v2\/types\/page"}],"author":[{"embeddable":true,"href":"https:\/\/www.legendyuvas.cz\/sk\/wp-json\/wp\/v2\/users\/3"}],"replies":[{"embeddable":true,"href":"https:\/\/www.legendyuvas.cz\/sk\/wp-json\/wp\/v2\/comments?post=33803"}],"version-history":[{"count":3,"href":"https:\/\/www.legendyuvas.cz\/sk\/wp-json\/wp\/v2\/pages\/33803\/revisions"}],"predecessor-version":[{"id":33806,"href":"https:\/\/www.legendyuvas.cz\/sk\/wp-json\/wp\/v2\/pages\/33803\/revisions\/33806"}],"wp:featuredmedia":[{"embeddable":true,"href":"https:\/\/www.legendyuvas.cz\/sk\/wp-json\/wp\/v2\/media\/20480"}],"wp:attachment":[{"href":"https:\/\/www.legendyuvas.cz\/sk\/wp-json\/wp\/v2\/media?parent=33803"}],"curies":[{"name":"wp","href":"https:\/\/api.w.org\/{rel}","templated":true}]}}